{"id":6456,"date":"2026-01-17T19:27:35","date_gmt":"2026-01-17T18:27:35","guid":{"rendered":"https:\/\/laballade.de\/wordpress\/?page_id=6456"},"modified":"2026-01-17T19:27:55","modified_gmt":"2026-01-17T18:27:55","slug":"leseprobe-der-kleine-graue-vogel","status":"publish","type":"page","link":"https:\/\/laballade.de\/wordpress\/bibliothek\/geschriebenes\/leseprobe-der-kleine-graue-vogel\/","title":{"rendered":"Leseprobe \u2013 Der kleine graue Vogel"},"content":{"rendered":"<h1 class=\"western\"><span style=\"font-family: Liberation Serif, serif;\"><img loading=\"lazy\" decoding=\"async\" class=\"alignleft size-medium wp-image-4856\" src=\"https:\/\/laballade.de\/wordpress\/wp-content\/uploads\/2023\/04\/Vogel-mit-Titel-klein-200x300.jpg\" alt=\"\" width=\"200\" height=\"300\" srcset=\"https:\/\/laballade.de\/wordpress\/wp-content\/uploads\/2023\/04\/Vogel-mit-Titel-klein-200x300.jpg 200w, https:\/\/laballade.de\/wordpress\/wp-content\/uploads\/2023\/04\/Vogel-mit-Titel-klein.jpg 400w\" sizes=\"auto, (max-width: 200px) 100vw, 200px\" \/>Der kleine graue Vogel<\/span><\/h1>\n<p><span style=\"font-family: Liberation Serif, serif;\"><span style=\"font-size: medium;\">Es war einmal ein kleiner grauer Vogel, der in einer gro\u00dfen Vogelschar auf einem Feld lebte. Die \u00e4lteren V\u00f6gel seiner Schar lehrten ihn, die verschiedenen K\u00f6rner und W\u00fcrmer zu erkennen. \u00bbWenn du das kannst\u00ab, sagten sie, \u00bbbist du gescheit genug, um durchs Leben zu kommen.\u00ab<\/span><\/span><\/p>\n<p><span style=\"font-family: Liberation Serif, serif;\"><span style=\"font-size: medium;\">Eines Tages war es soweit. Die \u00e4lteren V\u00f6gel sagten: \u00bbDu hast nun lange genug gelernt. Morgen wirst du uns erz\u00e4hlen, was du von K\u00f6rnern und W\u00fcrmern wei\u00dft, und dann wirst du dein eigenes Leben f\u00fchren k\u00f6nnen.\u00ab<\/span><\/span><\/p>\n<p><span style=\"font-family: Liberation Serif, serif;\"><span style=\"font-size: medium;\">Der kleine graue Vogel hatte Angst vor dieser Pr\u00fcfung und wollte nicht mehr daran denken. Er h\u00fcpfte in den Wald. Fliegen konnte er nicht. Die \u00e4lteren V\u00f6gel sagten immer, dass eigentlich jeder Vogel fliegen sollte, aber es sei schwer zu erlernen und sehr gef\u00e4hrlich. Nur einige wenige, die eine besondere Begabung daf\u00fcr hatten, konnten es lernen.<\/span><\/span><\/p>\n<p><span style=\"font-family: Liberation Serif, serif;\"><span style=\"font-size: medium;\">Im Wald sa\u00df ein Vogel in einem Rosenstrauch und sang ein Lied. Es war ein gro\u00dfer, gl\u00e4nzend schwarzer Vogel, und sein Lied erz\u00e4hlte von Freiheit, vom Fliegen.<\/span><\/span><\/p>\n<p><span style=\"font-family: Liberation Serif, serif;\"><span style=\"font-size: medium;\">Der kleine Vogel h\u00f6rte lange zu und dachte bei sich, wie sch\u00f6n der gro\u00dfe schwarze Vogel aussehen musste, wenn er mit seinen starken Fl\u00fcgeln im Wind tanzte. Der kleine Vogel wollte ebenfalls singen lernen, so wie der gro\u00dfe schwarze Vogel, und auch fliegen.<\/span><\/span><\/p>\n<p><span style=\"font-family: Liberation Serif, serif;\"><span style=\"font-size: medium;\">Am n\u00e4chsten Tag bemerkte der kleine Vogel, dass in seinem Schwanz, zwischen all dem Grau, eine leuchtend blaue Feder steckte. Dar\u00fcber freute er sich sehr. Er ging frohgemut zu den \u00e4lteren V\u00f6geln und erz\u00e4hlte ihnen alles, was er \u00fcber K\u00f6rner und W\u00fcrmer wusste. Die \u00e4lteren V\u00f6gel fanden, der kleine Vogel habe genug gelernt und entlie\u00dfen ihn in die weite Welt.<\/span><\/span><\/p>\n<p align=\"center\"><span style=\"font-family: Liberation Serif, serif;\"><span style=\"font-size: medium;\">* * *<\/span><\/span><\/p>\n<p><span style=\"font-family: Liberation Serif, serif;\"><span style=\"font-size: medium;\">Sein erster Gang f\u00fchrte den kleinen Vogel zur\u00fcck zum Rosenstrauch. Dort sa\u00df noch immer der gro\u00dfe schwarze Vogel. Aber er sang nicht mehr. Er fra\u00df von den Bl\u00e4ttern des Strauchs. Der kleine Vogel fragte: \u00bbWarum sitzt du immer noch hier? Warum bist du noch nicht weggeflogen?\u00ab<\/span><\/span><\/p>\n<p><span style=\"font-family: Liberation Serif, serif;\"><span style=\"font-size: medium;\">\u00bbIch kann \u00fcberhaupt nicht fliegen,\u00ab sagte der gro\u00dfe schwarze Vogel, \u00bbdenn ich bin an diesen Rosenstrauch gekettet.\u00ab<\/span><\/span><\/p>\n<p style=\"text-align: center;\">* * *<\/p>\n<h1 class=\"western\"><span style=\"font-family: Liberation Serif, serif;\">Am zweiunddrei\u00dfigsten Nietember<\/span><\/h1>\n<p align=\"left\"><span style=\"color: #000000;\"><span style=\"font-family: Liberation Serif, serif;\"><span style=\"font-size: medium;\">Es war einmal eine B\u00e4ckerin, die hatte drei Kinder, eine kluge \u00e4lteste Tochter, einen geschickten mittleren Sohn, und das J\u00fcngste. Alle drei arbeiteten eifrig in der B\u00e4ckerei, backten die leckersten Brote und die sch\u00f6nsten Torten weit und breit. Die Leute kamen von weit her, um sich gerade bei dieser B\u00e4ckerin mit Backwerk einzudecken.<\/span><\/span><\/span><\/p>\n<p align=\"left\"><span style=\"color: #000000;\"><span style=\"font-family: Liberation Serif, serif;\"><span style=\"font-size: medium;\">Aber dann kam der Tag, an dem die B\u00e4ckerin entscheiden musste, wem von den dreien sie ihre Backstube und das Gesch\u00e4ft \u00fcbergeben wollte. Es musste das Kind sein, das die sch\u00f6nsten und besten Torten kreieren konnte, denn schon die Gro\u00dfmutter der B\u00e4ckerin hatte immer die Torte zum Geburtstag der guten Fee geliefert. Einmal hatte es die B\u00e4ckerei im Nachbarort versucht, und es war schiefgegangen. Das durfte nicht noch einmal vorkommen.<\/span><\/span><\/span><\/p>\n<p align=\"left\"><span style=\"color: #000000;\"><span style=\"font-family: Liberation Serif, serif;\"><span style=\"font-size: medium;\">Dieser Geburtstag sollte nun bald wieder gefeiert werden. Also holte die B\u00e4ckerin ihre drei Kinder in der Backstube zusammen und erkl\u00e4rte ihnen: \u00bbIch bin nun alt genug, dass ich mich zur Ruhe setzen kann. Dann muss eins von euch die B\u00e4ckerei \u00fcbernehmen. Wer das sein wird, entscheiden wir beim Geburtstag der guten Fee, die uns vor der Wolke Nimmersatt sch\u00fctzt. Wer von euch die sch\u00f6nste und beste Geburtstagstorte fertig bringt, soll die B\u00e4ckerei bekommen.\u00ab<\/span><\/span><\/span><\/p>\n<p align=\"left\"><span style=\"color: #000000;\"><span style=\"font-family: Liberation Serif, serif;\"><span style=\"font-size: medium;\">Die Kinder legten die Stirn in Falten und \u00fcberlegten.<\/span><\/span><\/span><\/p>\n<p align=\"left\"><span style=\"color: #000000;\"><span style=\"font-family: Liberation Serif, serif;\"><span style=\"font-size: medium;\">\u00bbIch kann &#8230;\u00ab, begann die Tochter.<\/span><\/span><\/span><\/p>\n<p align=\"left\"><span style=\"color: #000000;\"><span style=\"font-family: Liberation Serif, serif;\"><span style=\"font-size: medium;\">\u00bbIch kann &#8230;\u00ab, unterbrach sie der Sohn.<\/span><\/span><\/span><\/p>\n<p align=\"left\"><span style=\"color: #000000;\"><span style=\"font-family: Liberation Serif, serif;\"><span style=\"font-size: medium;\">\u00bbIch kann nicht &#8230;\u00ab, sagte das J\u00fcngste.<\/span><\/span><\/span><\/p>\n<p align=\"left\"><span style=\"color: #000000;\"><span style=\"font-family: Liberation Serif, serif;\"><span style=\"font-size: medium;\">Sie brachen ab, schauten einander an und sagten: \u00bbWir machen das zu dritt, dann wird es gut.\u00ab<\/span><\/span><\/span><\/p>\n<p style=\"text-align: center;\" align=\"left\">* * *<\/p>\n<h1 class=\"western\"><span style=\"font-family: Liberation Serif, serif;\">Tanzb\u00e4rbel<\/span><\/h1>\n<p><span style=\"font-family: Liberation Serif, serif;\">Es war einmal ein M\u00e4dchen namens B\u00e4rbel, das hatte zwei Schwestern. Die \u00c4lteste sang den lieben langen Tag, die Zweite kannte viele wunderbare Geschichten, die sie erz\u00e4hlte, und B\u00e4rbel selbst wollte nichts als tanzen. Darum nannten die Leute sie die Tanzb\u00e4rbel. Wann immer man im Dorf h\u00f6rte, dass auf dem Schloss ein gro\u00dfer Ball stattfand, sagte B\u00e4rbel: \u00bbWartet nur ab, eines Tages bin ich auch dabei, und das wird wundersch\u00f6n.\u00ab<\/span><\/p>\n<p><span style=\"font-family: Liberation Serif, serif;\">Aber kein Bote kam vom Schloss, um sie zum Ball zu laden. Also tanzte sie bei den Festen im Dorf und w\u00fcnschte sich dabei aufs Schloss.<\/span><\/p>\n<p><span style=\"font-family: Liberation Serif, serif;\">Doch dann hatten mit einem Mal alle Feste im K\u00f6nigreich ein Ende. Man h\u00f6rte nichts mehr von B\u00e4llen oder Turnieren im Schloss, und auf den D\u00f6rfern feierte man weder Kirchweih noch Hochzeit. Kein Spielmann kam mehr \u00fcber die Berge, der \u00e4ltesten Schwester der Tanzb\u00e4rbel verschlug es die Stimme. Die Leute spotteten, wann denn nun der Ball stattfinden w\u00fcrde, zu dem B\u00e4rbel geladen w\u00e4re. Sie aber sagte: \u00bbWartet nur ab, eines Tages bin ich auch dabei, und das wird wundersch\u00f6n.\u00ab<\/span><\/p>\n<p><span style=\"font-family: Liberation Serif, serif;\">Das Leben im Dorf wurde eint\u00f6nig. Selbst die Jahreszeiten wollten einander nicht mehr recht abwechseln, wenn niemand die Sonnenwende, den Fr\u00fchling oder die Ernte feierte.<\/span><\/p>\n<p style=\"text-align: center;\">* * *<\/p>\n<p>E-Book bei <a href=\"https:\/\/schlapp.buchhandlung.de\/shop\/article\/50322678\/susanne_bonn_der_kleine_graue_vogel.html\">H. L. Schlapp<\/a> * <a href=\"https:\/\/www.fairbuch.de\/shop\/article\/50322678\/susanne_bonn_der_kleine_graue_vogel.html\">Fairbuch<\/a> * <a href=\"https:\/\/www.hugendubel.de\/de\/ebook_epub\/susanne_bonn-der_kleine_graue_vogel-45821586-produkt-details.html\">Hugendubel<\/a> * <a href=\"https:\/\/www.orellfuessli.ch\/shop\/home\/artikeldetails\/A1068427395\">Orell F\u00fcssli<\/a> * <a href=\"https:\/\/www.osiander.de\/shop\/home\/artikeldetails\/A1068427395\">Osiander<\/a> * <a href=\"https:\/\/www.skoobe.de\/books\/susanne-bonn\/der-kleine-graue-vogel-drei-maerchen\">Skoobe<\/a> * <a href=\"https:\/\/www.thalia.de\/shop\/home\/artikeldetails\/A1068427395\">Thalia<\/a><\/p>\n<p>gedruckt au\u00dferdem bei <a href=\"https:\/\/www.epubli.com\/shop\/der-kleine-graue-vogel-9783757544447\">epubli<\/a><\/p>\n","protected":false},"excerpt":{"rendered":"<p>Der kleine graue Vogel Es war einmal ein kleiner grauer Vogel, der in einer gro\u00dfen Vogelschar auf einem Feld lebte. Die \u00e4lteren V\u00f6gel seiner Schar lehrten ihn, die verschiedenen K\u00f6rner und W\u00fcrmer zu erkennen. \u00bbWenn du das kannst\u00ab, sagten sie, \u00bbbist du gescheit genug, um durchs Leben zu kommen.\u00ab Eines Tages war es soweit. Die [&hellip;]<\/p>\n","protected":false},"author":1,"featured_media":0,"parent":173,"menu_order":0,"comment_status":"closed","ping_status":"closed","template":"","meta":{"footnotes":""},"class_list":["post-6456","page","type-page","status-publish","hentry"],"yoast_head":"<!-- This site is optimized with the Yoast SEO plugin v27.4 - https:\/\/yoast.com\/product\/yoast-seo-wordpress\/ -->\n<title>Leseprobe \u2013 Der kleine graue Vogel - La Ballade<\/title>\n<meta name=\"description\" content=\"Leseprobe zu \u201eDer kleine graue Vogel\u201c \u2013 drei M\u00e4rchen von Fliegen und Freiheit, von Zusammenhalt und feinem Geb\u00e4ck, von Tanzen und Singen\" \/>\n<meta name=\"robots\" content=\"index, follow, max-snippet:-1, max-image-preview:large, max-video-preview:-1\" \/>\n<link rel=\"canonical\" href=\"https:\/\/laballade.de\/wordpress\/bibliothek\/geschriebenes\/leseprobe-der-kleine-graue-vogel\/\" \/>\n<meta property=\"og:locale\" content=\"de_DE\" \/>\n<meta property=\"og:type\" content=\"article\" \/>\n<meta property=\"og:title\" content=\"Leseprobe \u2013 Der kleine graue Vogel - La Ballade\" \/>\n<meta property=\"og:description\" content=\"Leseprobe zu \u201eDer kleine graue Vogel\u201c \u2013 drei M\u00e4rchen von Fliegen und Freiheit, von Zusammenhalt und feinem Geb\u00e4ck, von Tanzen und Singen\" \/>\n<meta property=\"og:url\" content=\"https:\/\/laballade.de\/wordpress\/bibliothek\/geschriebenes\/leseprobe-der-kleine-graue-vogel\/\" \/>\n<meta property=\"og:site_name\" content=\"La Ballade\" \/>\n<meta property=\"article:modified_time\" content=\"2026-01-17T18:27:55+00:00\" \/>\n<meta property=\"og:image\" content=\"https:\/\/laballade.de\/wordpress\/wp-content\/uploads\/2023\/04\/Vogel-mit-Titel-klein-200x300.jpg\" \/>\n<meta name=\"twitter:card\" content=\"summary_large_image\" \/>\n<meta name=\"twitter:label1\" content=\"Gesch\u00e4tzte Lesezeit\" \/>\n\t<meta name=\"twitter:data1\" content=\"5\u00a0Minuten\" \/>\n<script type=\"application\/ld+json\" class=\"yoast-schema-graph\">{\"@context\":\"https:\\\/\\\/schema.org\",\"@graph\":[{\"@type\":\"WebPage\",\"@id\":\"https:\\\/\\\/laballade.de\\\/wordpress\\\/bibliothek\\\/geschriebenes\\\/leseprobe-der-kleine-graue-vogel\\\/\",\"url\":\"https:\\\/\\\/laballade.de\\\/wordpress\\\/bibliothek\\\/geschriebenes\\\/leseprobe-der-kleine-graue-vogel\\\/\",\"name\":\"Leseprobe \u2013 Der kleine graue Vogel - La Ballade\",\"isPartOf\":{\"@id\":\"https:\\\/\\\/laballade.de\\\/wordpress\\\/#website\"},\"primaryImageOfPage\":{\"@id\":\"https:\\\/\\\/laballade.de\\\/wordpress\\\/bibliothek\\\/geschriebenes\\\/leseprobe-der-kleine-graue-vogel\\\/#primaryimage\"},\"image\":{\"@id\":\"https:\\\/\\\/laballade.de\\\/wordpress\\\/bibliothek\\\/geschriebenes\\\/leseprobe-der-kleine-graue-vogel\\\/#primaryimage\"},\"thumbnailUrl\":\"https:\\\/\\\/laballade.de\\\/wordpress\\\/wp-content\\\/uploads\\\/2023\\\/04\\\/Vogel-mit-Titel-klein-200x300.jpg\",\"datePublished\":\"2026-01-17T18:27:35+00:00\",\"dateModified\":\"2026-01-17T18:27:55+00:00\",\"description\":\"Leseprobe zu \u201eDer kleine graue Vogel\u201c \u2013 drei M\u00e4rchen von Fliegen und Freiheit, von Zusammenhalt und feinem Geb\u00e4ck, von Tanzen und Singen\",\"breadcrumb\":{\"@id\":\"https:\\\/\\\/laballade.de\\\/wordpress\\\/bibliothek\\\/geschriebenes\\\/leseprobe-der-kleine-graue-vogel\\\/#breadcrumb\"},\"inLanguage\":\"de\",\"potentialAction\":[{\"@type\":\"ReadAction\",\"target\":[\"https:\\\/\\\/laballade.de\\\/wordpress\\\/bibliothek\\\/geschriebenes\\\/leseprobe-der-kleine-graue-vogel\\\/\"]}]},{\"@type\":\"ImageObject\",\"inLanguage\":\"de\",\"@id\":\"https:\\\/\\\/laballade.de\\\/wordpress\\\/bibliothek\\\/geschriebenes\\\/leseprobe-der-kleine-graue-vogel\\\/#primaryimage\",\"url\":\"https:\\\/\\\/laballade.de\\\/wordpress\\\/wp-content\\\/uploads\\\/2023\\\/04\\\/Vogel-mit-Titel-klein.jpg\",\"contentUrl\":\"https:\\\/\\\/laballade.de\\\/wordpress\\\/wp-content\\\/uploads\\\/2023\\\/04\\\/Vogel-mit-Titel-klein.jpg\",\"width\":400,\"height\":600},{\"@type\":\"BreadcrumbList\",\"@id\":\"https:\\\/\\\/laballade.de\\\/wordpress\\\/bibliothek\\\/geschriebenes\\\/leseprobe-der-kleine-graue-vogel\\\/#breadcrumb\",\"itemListElement\":[{\"@type\":\"ListItem\",\"position\":1,\"name\":\"Startseite\",\"item\":\"https:\\\/\\\/laballade.de\\\/wordpress\\\/\"},{\"@type\":\"ListItem\",\"position\":2,\"name\":\"Bibliothek\",\"item\":\"https:\\\/\\\/laballade.de\\\/wordpress\\\/bibliothek\\\/\"},{\"@type\":\"ListItem\",\"position\":3,\"name\":\"Geschriebenes\",\"item\":\"https:\\\/\\\/laballade.de\\\/wordpress\\\/bibliothek\\\/geschriebenes\\\/\"},{\"@type\":\"ListItem\",\"position\":4,\"name\":\"Leseprobe \u2013 Der kleine graue Vogel\"}]},{\"@type\":\"WebSite\",\"@id\":\"https:\\\/\\\/laballade.de\\\/wordpress\\\/#website\",\"url\":\"https:\\\/\\\/laballade.de\\\/wordpress\\\/\",\"name\":\"La Ballade\",\"description\":\"Geschichten und Musik\",\"publisher\":{\"@id\":\"https:\\\/\\\/laballade.de\\\/wordpress\\\/#\\\/schema\\\/person\\\/6fadccd64c10acbfe6c9d563789d29a1\"},\"potentialAction\":[{\"@type\":\"SearchAction\",\"target\":{\"@type\":\"EntryPoint\",\"urlTemplate\":\"https:\\\/\\\/laballade.de\\\/wordpress\\\/?s={search_term_string}\"},\"query-input\":{\"@type\":\"PropertyValueSpecification\",\"valueRequired\":true,\"valueName\":\"search_term_string\"}}],\"inLanguage\":\"de\"},{\"@type\":[\"Person\",\"Organization\"],\"@id\":\"https:\\\/\\\/laballade.de\\\/wordpress\\\/#\\\/schema\\\/person\\\/6fadccd64c10acbfe6c9d563789d29a1\",\"name\":\"Susanne\",\"logo\":{\"@id\":\"https:\\\/\\\/laballade.de\\\/wordpress\\\/#\\\/schema\\\/person\\\/image\\\/\"},\"sameAs\":[\"https:\\\/\\\/www.laballade.de\"]}]}<\/script>\n<!-- \/ Yoast SEO plugin. -->","yoast_head_json":{"title":"Leseprobe \u2013 Der kleine graue Vogel - La Ballade","description":"Leseprobe zu \u201eDer kleine graue Vogel\u201c \u2013 drei M\u00e4rchen von Fliegen und Freiheit, von Zusammenhalt und feinem Geb\u00e4ck, von Tanzen und Singen","robots":{"index":"index","follow":"follow","max-snippet":"max-snippet:-1","max-image-preview":"max-image-preview:large","max-video-preview":"max-video-preview:-1"},"canonical":"https:\/\/laballade.de\/wordpress\/bibliothek\/geschriebenes\/leseprobe-der-kleine-graue-vogel\/","og_locale":"de_DE","og_type":"article","og_title":"Leseprobe \u2013 Der kleine graue Vogel - La Ballade","og_description":"Leseprobe zu \u201eDer kleine graue Vogel\u201c \u2013 drei M\u00e4rchen von Fliegen und Freiheit, von Zusammenhalt und feinem Geb\u00e4ck, von Tanzen und Singen","og_url":"https:\/\/laballade.de\/wordpress\/bibliothek\/geschriebenes\/leseprobe-der-kleine-graue-vogel\/","og_site_name":"La Ballade","article_modified_time":"2026-01-17T18:27:55+00:00","og_image":[{"url":"https:\/\/laballade.de\/wordpress\/wp-content\/uploads\/2023\/04\/Vogel-mit-Titel-klein-200x300.jpg","type":"","width":"","height":""}],"twitter_card":"summary_large_image","twitter_misc":{"Gesch\u00e4tzte Lesezeit":"5\u00a0Minuten"},"schema":{"@context":"https:\/\/schema.org","@graph":[{"@type":"WebPage","@id":"https:\/\/laballade.de\/wordpress\/bibliothek\/geschriebenes\/leseprobe-der-kleine-graue-vogel\/","url":"https:\/\/laballade.de\/wordpress\/bibliothek\/geschriebenes\/leseprobe-der-kleine-graue-vogel\/","name":"Leseprobe \u2013 Der kleine graue Vogel - La Ballade","isPartOf":{"@id":"https:\/\/laballade.de\/wordpress\/#website"},"primaryImageOfPage":{"@id":"https:\/\/laballade.de\/wordpress\/bibliothek\/geschriebenes\/leseprobe-der-kleine-graue-vogel\/#primaryimage"},"image":{"@id":"https:\/\/laballade.de\/wordpress\/bibliothek\/geschriebenes\/leseprobe-der-kleine-graue-vogel\/#primaryimage"},"thumbnailUrl":"https:\/\/laballade.de\/wordpress\/wp-content\/uploads\/2023\/04\/Vogel-mit-Titel-klein-200x300.jpg","datePublished":"2026-01-17T18:27:35+00:00","dateModified":"2026-01-17T18:27:55+00:00","description":"Leseprobe zu \u201eDer kleine graue Vogel\u201c \u2013 drei M\u00e4rchen von Fliegen und Freiheit, von Zusammenhalt und feinem Geb\u00e4ck, von Tanzen und Singen","breadcrumb":{"@id":"https:\/\/laballade.de\/wordpress\/bibliothek\/geschriebenes\/leseprobe-der-kleine-graue-vogel\/#breadcrumb"},"inLanguage":"de","potentialAction":[{"@type":"ReadAction","target":["https:\/\/laballade.de\/wordpress\/bibliothek\/geschriebenes\/leseprobe-der-kleine-graue-vogel\/"]}]},{"@type":"ImageObject","inLanguage":"de","@id":"https:\/\/laballade.de\/wordpress\/bibliothek\/geschriebenes\/leseprobe-der-kleine-graue-vogel\/#primaryimage","url":"https:\/\/laballade.de\/wordpress\/wp-content\/uploads\/2023\/04\/Vogel-mit-Titel-klein.jpg","contentUrl":"https:\/\/laballade.de\/wordpress\/wp-content\/uploads\/2023\/04\/Vogel-mit-Titel-klein.jpg","width":400,"height":600},{"@type":"BreadcrumbList","@id":"https:\/\/laballade.de\/wordpress\/bibliothek\/geschriebenes\/leseprobe-der-kleine-graue-vogel\/#breadcrumb","itemListElement":[{"@type":"ListItem","position":1,"name":"Startseite","item":"https:\/\/laballade.de\/wordpress\/"},{"@type":"ListItem","position":2,"name":"Bibliothek","item":"https:\/\/laballade.de\/wordpress\/bibliothek\/"},{"@type":"ListItem","position":3,"name":"Geschriebenes","item":"https:\/\/laballade.de\/wordpress\/bibliothek\/geschriebenes\/"},{"@type":"ListItem","position":4,"name":"Leseprobe \u2013 Der kleine graue Vogel"}]},{"@type":"WebSite","@id":"https:\/\/laballade.de\/wordpress\/#website","url":"https:\/\/laballade.de\/wordpress\/","name":"La Ballade","description":"Geschichten und Musik","publisher":{"@id":"https:\/\/laballade.de\/wordpress\/#\/schema\/person\/6fadccd64c10acbfe6c9d563789d29a1"},"potentialAction":[{"@type":"SearchAction","target":{"@type":"EntryPoint","urlTemplate":"https:\/\/laballade.de\/wordpress\/?s={search_term_string}"},"query-input":{"@type":"PropertyValueSpecification","valueRequired":true,"valueName":"search_term_string"}}],"inLanguage":"de"},{"@type":["Person","Organization"],"@id":"https:\/\/laballade.de\/wordpress\/#\/schema\/person\/6fadccd64c10acbfe6c9d563789d29a1","name":"Susanne","logo":{"@id":"https:\/\/laballade.de\/wordpress\/#\/schema\/person\/image\/"},"sameAs":["https:\/\/www.laballade.de"]}]}},"_links":{"self":[{"href":"https:\/\/laballade.de\/wordpress\/wp-json\/wp\/v2\/pages\/6456","targetHints":{"allow":["GET"]}}],"collection":[{"href":"https:\/\/laballade.de\/wordpress\/wp-json\/wp\/v2\/pages"}],"about":[{"href":"https:\/\/laballade.de\/wordpress\/wp-json\/wp\/v2\/types\/page"}],"author":[{"embeddable":true,"href":"https:\/\/laballade.de\/wordpress\/wp-json\/wp\/v2\/users\/1"}],"replies":[{"embeddable":true,"href":"https:\/\/laballade.de\/wordpress\/wp-json\/wp\/v2\/comments?post=6456"}],"version-history":[{"count":2,"href":"https:\/\/laballade.de\/wordpress\/wp-json\/wp\/v2\/pages\/6456\/revisions"}],"predecessor-version":[{"id":6458,"href":"https:\/\/laballade.de\/wordpress\/wp-json\/wp\/v2\/pages\/6456\/revisions\/6458"}],"up":[{"embeddable":true,"href":"https:\/\/laballade.de\/wordpress\/wp-json\/wp\/v2\/pages\/173"}],"wp:attachment":[{"href":"https:\/\/laballade.de\/wordpress\/wp-json\/wp\/v2\/media?parent=6456"}],"curies":[{"name":"wp","href":"https:\/\/api.w.org\/{rel}","templated":true}]}}