{"id":6319,"date":"2025-09-30T20:01:46","date_gmt":"2025-09-30T18:01:46","guid":{"rendered":"https:\/\/laballade.de\/wordpress\/?page_id=6319"},"modified":"2026-01-20T22:06:47","modified_gmt":"2026-01-20T21:06:47","slug":"leseprobe-der-verbannte-auf-dem-eisernhof","status":"publish","type":"page","link":"https:\/\/laballade.de\/wordpress\/bibliothek\/geschriebenes\/leseprobe-der-verbannte-auf-dem-eisernhof\/","title":{"rendered":"Leseprobe \u2013 Der Verbannte auf dem Eisernhof"},"content":{"rendered":"<p><img loading=\"lazy\" decoding=\"async\" class=\"wp-image-6321 size-medium\" src=\"https:\/\/laballade.de\/wordpress\/wp-content\/uploads\/2025\/09\/Meni-Cover-Ebook-fertig-188x300.jpg\" alt=\"Buchcover \u00bbDer Verbannte auf dem Eisernhof\u00ab\" width=\"188\" height=\"300\" \/><\/p>\n<p lang=\"de-DE\" style=\"text-align: left;\" align=\"center\"><b><\/b><span style=\"font-size: medium;\">\u02bcs wird Fr\u00fchling jetzt, wir fahrn hinaus,<\/span><\/p>\n<p lang=\"de-DE\"><span style=\"font-size: medium;\">und reisen durch die Lande,<\/span><\/p>\n<p lang=\"de-DE\"><span style=\"font-size: medium;\">aus jedem Zelt, aus jedem Haus,<\/span><\/p>\n<p lang=\"de-DE\"><span style=\"font-size: medium;\">so finden wir einander.<\/span><\/p>\n<p lang=\"de-DE\"><span style=\"font-size: medium;\">Erina hat den Stern gesetzt,<\/span><\/p>\n<p lang=\"de-DE\"><span style=\"font-size: medium;\">die sch\u00f6nste Zeit im Jahr ist jetzt.<\/span><\/p>\n<p lang=\"de-DE\"><span style=\"font-size: medium;\">Das Leben will sich regen,<\/span><\/p>\n<p lang=\"de-DE\"><span style=\"font-size: medium;\">wir ziehn, ja, wir ziehn auf neuen Wegen.<\/span><\/p>\n<p lang=\"de-DE\"><span style=\"font-size: medium;\">Meni schmetterte das Lied aus voller Kehle und schritt im Takt kr\u00e4ftig aus. Mit der linken Hand f\u00fchrte er sein Pony Str\u00fcmpfchen am Z\u00fcgel, mit der rechten trug er den Erinen\u00adstern. Hinter ihm trottete die fast reinrassige Feldh\u00fcndin Waldra-Wana.<\/span><\/p>\n<p lang=\"de-DE\"><span style=\"font-size: medium;\">Kara tr\u00e4llerte eine Oberstimme, Onkel Di gab mit unsinnigen Silben den Bass dazu.<\/span><\/p>\n<p lang=\"de-DE\"><span style=\"font-size: medium;\">Sie waren unterwegs. Drei Wagen, ein halbes Dutzend Menschen und viele Tiere.<\/span><\/p>\n<p lang=\"de-DE\"><span style=\"font-size: medium;\">Solange sie singend aus dem St\u00e4dtchen zogen, lie\u00df Rik der Jongleur seine B\u00e4lle kreisen, und Val und Zessa, die beiden Musikerinnen neben Onkel Dis Wagen, hatten Trommel und Schalmei im Einsatz.<\/span><\/p>\n<p lang=\"de-DE\"><span style=\"font-size: medium;\">An seine Eltern und die Familie, die er zur\u00fccklie\u00df, dachte Meni erst wieder, als sie abends das Lager aufschlugen. Die Leute in dieser Gruppe machten einiges anders, als er es von fr\u00fcheren Reisen gewohnt war. Er schaute zu und versuchte, sich einzufinden. Kara half ihm, Str\u00fcmpfchen und die Krels zu f\u00fcttern. F\u00fcr Waldra-Wana und die anderen Hunde gab es Trockenfleisch. Darum k\u00fcmmerte sich Rik, der sich einen Teil seines Gep\u00e4cks von einem gro\u00dfen Berghund namens Plof nachtragen lie\u00df.<\/span><\/p>\n<p lang=\"de-DE\"><span style=\"font-size: medium;\">Dann bekamen die sieben Ronkon, die mit in Karas Wagen reisten, ihr Trockenobst. Am Ende des Winters war nicht mehr viel \u00fcbrig, sie mussten sich die St\u00fccke einteilen. Immerhin gab es Honigwasser, um sie einzuweichen. Meni verstand noch nicht viel vom Umgang mit den katzengro\u00dfen Tieren, aber sie dr\u00fcckten sehr deutlich aus, dass sie mit ihrer Verpflegung nicht zufrieden waren.<\/span><\/p>\n<p lang=\"de-DE\"><span style=\"font-size: medium;\">\u00bbKeine Sorge, Kinder, es kommen auch wieder bessere Zeiten\u00ab, tr\u00f6stete Kara die sieben. \u00bbBald werden die Erdbeeren reif.\u00ab Dann kraulte sie alle ausgiebig. Mit dem wei\u00dfen Streifen \u00fcber Nase und Augen sahen sie immer aus, als ob sie etwas ausheckten. Meni durfte sie ebenfalls streicheln, sogar \u00fcber den schwarz-wei\u00df geringelten Schwanz. \u00bbDas lassen sie sich nicht immer gefallen\u00ab, erkl\u00e4rte Kara. \u00bbBetrachte es als Zeichen, dass du in die Gruppe aufgenommen bist.<\/span><\/p>\n<p lang=\"de-DE\"><span style=\"font-size: medium;\">Meni nickte begeistert. \u00bbDas ist lieb von euch\u00ab, murmelte er. Und auf die Erdbeeren freute er sich auch.<\/span><\/p>\n<p lang=\"de-DE\"><span style=\"font-size: medium;\">\u00bbWir wandern nach S\u00fcden\u00ab, verk\u00fcndete Onkel Di am Lagerfeuer.<\/span><\/p>\n<p lang=\"de-DE\"><span style=\"font-size: medium;\">Kara und Meni gingen, mit den Ronkon auf Armen und Schultern, zu ihm hin. Dem Duft nach w\u00fcrde es dort auch f\u00fcr sie etwas zu essen geben.<\/span><\/p>\n<p lang=\"de-DE\"><span style=\"font-size: medium;\">Onkel Di verteilte Suppe und erkl\u00e4rte dabei den Plan f\u00fcr die n\u00e4chsten Wochen der Reise. \u00bbWir folgen der Mora bis Gortenri. Bis wir dort hinkommen, sind die Erdbeeren und das erste Feldgem\u00fcse reif. Dann gibt es etwas zu feiern.\u00ab<\/span><\/p>\n<p lang=\"de-DE\"><span style=\"font-size: medium;\">Die anderen nickten erfreut.<\/span><\/p>\n<p lang=\"de-DE\"><span style=\"font-size: medium;\">Onkel Di schaute Meni an. \u00bbHast du etwas, was du bis dahin vorf\u00fchren kannst?\u00ab<\/span><\/p>\n<p lang=\"de-DE\"><span style=\"font-size: medium;\">\u00bbJa, also \u2026\u00ab Nat\u00fcrlich hatte er mit Str\u00fcmpfchen und Waldra-Wana kleine Tricks einge\u00fcbt, aber die erschienen ihm jetzt alle viel zu langweilig.<\/span><\/p>\n<p lang=\"de-DE\"><span style=\"font-size: medium;\">\u00bbDu hast uns doch in Dervatopi schon was vorgef\u00fchrt\u00ab, erinnerte Kara. \u00bbDas schauen wir uns noch mal an und \u00fcberlegen, was sich daraus machen l\u00e4sst.\u00ab<\/span><\/p>\n<p lang=\"de-DE\"><span style=\"font-size: medium;\">Meni nickte. Hoffentlich war das gut genug. Was sollte er sonst anfangen?<\/span><\/p>\n<p lang=\"de-DE\" style=\"text-align: center;\">* * *<\/p>\n<p lang=\"de-DE\"><a href=\"https:\/\/schlapp.buchhandlung.de\/shop\/article\/57012791\/susanne_bonn_der_verbannte_auf_dem_eisernhof.html\">E-Book bei H. L. Schlapp<\/a> * <a href=\"https:\/\/www.bookzilla.de\/shop\/article\/57012791\/susanne_bonn_der_verbannte_auf_dem_eisernhof.html\">Bookzilla<\/a> * <a href=\"https:\/\/www.fairbuch.de\/shop\/article\/57012791\/susanne_bonn_der_verbannte_auf_dem_eisernhof.html\">Fairbuch<\/a> * <a href=\"https:\/\/www.hugendubel.de\/de\/ebook_epub\/susanne_bonn-der_verbannte_auf_dem_eisernhof-51838026-produkt-details.html\">Hugendubel<\/a> * <a href=\"https:\/\/www.orellfuessli.ch\/shop\/home\/artikeldetails\/A1076992344\">Orell F\u00fcssli<\/a> * <a href=\"https:\/\/www.osiander.de\/shop\/home\/artikeldetails\/A1076992344\">Osiander<\/a> * <a href=\"https:\/\/www.thalia.de\/shop\/home\/artikeldetails\/A1076992344\">Thalia<\/a> * <a href=\"https:\/\/www.skoobe.de\/books\/susanne-bonn\/der-verbannte-auf-dem-eisernhof\">Skoobe<\/a><\/p>\n<p lang=\"de-DE\"><a href=\"https:\/\/www.epubli.com\/shop\/der-verbannte-auf-dem-eisernhof-9783565056651\">Taschenbuch bei epubli<\/a><\/p>\n","protected":false},"excerpt":{"rendered":"<p>\u02bcs wird Fr\u00fchling jetzt, wir fahrn hinaus, und reisen durch die Lande, aus jedem Zelt, aus jedem Haus, so finden wir einander. Erina hat den Stern gesetzt, die sch\u00f6nste Zeit im Jahr ist jetzt. Das Leben will sich regen, wir ziehn, ja, wir ziehn auf neuen Wegen. Meni schmetterte das Lied aus voller Kehle und [&hellip;]<\/p>\n","protected":false},"author":1,"featured_media":0,"parent":173,"menu_order":0,"comment_status":"closed","ping_status":"closed","template":"","meta":{"footnotes":""},"class_list":["post-6319","page","type-page","status-publish","hentry"],"yoast_head":"<!-- This site is optimized with the Yoast SEO plugin v27.4 - https:\/\/yoast.com\/product\/yoast-seo-wordpress\/ -->\n<title>Leseprobe \u2013 Der Verbannte auf dem Eisernhof - La Ballade<\/title>\n<meta name=\"description\" content=\"Der Verbannte auf dem Eisernhof \u2013 Cozy Fantasy-Abenteuer mit kleinen bunten Drachen, klingenden Schellen und eiskaltem Bergsee\" \/>\n<meta name=\"robots\" content=\"index, follow, max-snippet:-1, max-image-preview:large, max-video-preview:-1\" \/>\n<link rel=\"canonical\" href=\"https:\/\/laballade.de\/wordpress\/bibliothek\/geschriebenes\/leseprobe-der-verbannte-auf-dem-eisernhof\/\" \/>\n<meta property=\"og:locale\" content=\"de_DE\" \/>\n<meta property=\"og:type\" content=\"article\" \/>\n<meta property=\"og:title\" content=\"Leseprobe \u2013 Der Verbannte auf dem Eisernhof - La Ballade\" \/>\n<meta property=\"og:description\" content=\"Der Verbannte auf dem Eisernhof \u2013 Cozy Fantasy-Abenteuer mit kleinen bunten Drachen, klingenden Schellen und eiskaltem Bergsee\" \/>\n<meta property=\"og:url\" content=\"https:\/\/laballade.de\/wordpress\/bibliothek\/geschriebenes\/leseprobe-der-verbannte-auf-dem-eisernhof\/\" \/>\n<meta property=\"og:site_name\" content=\"La Ballade\" \/>\n<meta property=\"article:modified_time\" content=\"2026-01-20T21:06:47+00:00\" \/>\n<meta property=\"og:image\" content=\"https:\/\/laballade.de\/wordpress\/wp-content\/uploads\/2025\/09\/Meni-Cover-Ebook-fertig-188x300.jpg\" \/>\n<meta name=\"twitter:card\" content=\"summary_large_image\" \/>\n<meta name=\"twitter:label1\" content=\"Gesch\u00e4tzte Lesezeit\" \/>\n\t<meta name=\"twitter:data1\" content=\"4\u00a0Minuten\" \/>\n<script type=\"application\/ld+json\" class=\"yoast-schema-graph\">{\"@context\":\"https:\\\/\\\/schema.org\",\"@graph\":[{\"@type\":\"WebPage\",\"@id\":\"https:\\\/\\\/laballade.de\\\/wordpress\\\/bibliothek\\\/geschriebenes\\\/leseprobe-der-verbannte-auf-dem-eisernhof\\\/\",\"url\":\"https:\\\/\\\/laballade.de\\\/wordpress\\\/bibliothek\\\/geschriebenes\\\/leseprobe-der-verbannte-auf-dem-eisernhof\\\/\",\"name\":\"Leseprobe \u2013 Der Verbannte auf dem Eisernhof - La Ballade\",\"isPartOf\":{\"@id\":\"https:\\\/\\\/laballade.de\\\/wordpress\\\/#website\"},\"primaryImageOfPage\":{\"@id\":\"https:\\\/\\\/laballade.de\\\/wordpress\\\/bibliothek\\\/geschriebenes\\\/leseprobe-der-verbannte-auf-dem-eisernhof\\\/#primaryimage\"},\"image\":{\"@id\":\"https:\\\/\\\/laballade.de\\\/wordpress\\\/bibliothek\\\/geschriebenes\\\/leseprobe-der-verbannte-auf-dem-eisernhof\\\/#primaryimage\"},\"thumbnailUrl\":\"https:\\\/\\\/laballade.de\\\/wordpress\\\/wp-content\\\/uploads\\\/2025\\\/09\\\/Meni-Cover-Ebook-fertig-188x300.jpg\",\"datePublished\":\"2025-09-30T18:01:46+00:00\",\"dateModified\":\"2026-01-20T21:06:47+00:00\",\"description\":\"Der Verbannte auf dem Eisernhof \u2013 Cozy Fantasy-Abenteuer mit kleinen bunten Drachen, klingenden Schellen und eiskaltem Bergsee\",\"breadcrumb\":{\"@id\":\"https:\\\/\\\/laballade.de\\\/wordpress\\\/bibliothek\\\/geschriebenes\\\/leseprobe-der-verbannte-auf-dem-eisernhof\\\/#breadcrumb\"},\"inLanguage\":\"de\",\"potentialAction\":[{\"@type\":\"ReadAction\",\"target\":[\"https:\\\/\\\/laballade.de\\\/wordpress\\\/bibliothek\\\/geschriebenes\\\/leseprobe-der-verbannte-auf-dem-eisernhof\\\/\"]}]},{\"@type\":\"ImageObject\",\"inLanguage\":\"de\",\"@id\":\"https:\\\/\\\/laballade.de\\\/wordpress\\\/bibliothek\\\/geschriebenes\\\/leseprobe-der-verbannte-auf-dem-eisernhof\\\/#primaryimage\",\"url\":\"https:\\\/\\\/laballade.de\\\/wordpress\\\/wp-content\\\/uploads\\\/2025\\\/09\\\/Meni-Cover-Ebook-fertig-e1759254991531.jpg\",\"contentUrl\":\"https:\\\/\\\/laballade.de\\\/wordpress\\\/wp-content\\\/uploads\\\/2025\\\/09\\\/Meni-Cover-Ebook-fertig-e1759254991531.jpg\",\"width\":400,\"height\":640,\"caption\":\"Buchcover \u00bbDer Verbannte auf dem Eisernhof\u00ab\"},{\"@type\":\"BreadcrumbList\",\"@id\":\"https:\\\/\\\/laballade.de\\\/wordpress\\\/bibliothek\\\/geschriebenes\\\/leseprobe-der-verbannte-auf-dem-eisernhof\\\/#breadcrumb\",\"itemListElement\":[{\"@type\":\"ListItem\",\"position\":1,\"name\":\"Startseite\",\"item\":\"https:\\\/\\\/laballade.de\\\/wordpress\\\/\"},{\"@type\":\"ListItem\",\"position\":2,\"name\":\"Bibliothek\",\"item\":\"https:\\\/\\\/laballade.de\\\/wordpress\\\/bibliothek\\\/\"},{\"@type\":\"ListItem\",\"position\":3,\"name\":\"Geschriebenes\",\"item\":\"https:\\\/\\\/laballade.de\\\/wordpress\\\/bibliothek\\\/geschriebenes\\\/\"},{\"@type\":\"ListItem\",\"position\":4,\"name\":\"Leseprobe \u2013 Der Verbannte auf dem Eisernhof\"}]},{\"@type\":\"WebSite\",\"@id\":\"https:\\\/\\\/laballade.de\\\/wordpress\\\/#website\",\"url\":\"https:\\\/\\\/laballade.de\\\/wordpress\\\/\",\"name\":\"La Ballade\",\"description\":\"Geschichten und Musik\",\"publisher\":{\"@id\":\"https:\\\/\\\/laballade.de\\\/wordpress\\\/#\\\/schema\\\/person\\\/6fadccd64c10acbfe6c9d563789d29a1\"},\"potentialAction\":[{\"@type\":\"SearchAction\",\"target\":{\"@type\":\"EntryPoint\",\"urlTemplate\":\"https:\\\/\\\/laballade.de\\\/wordpress\\\/?s={search_term_string}\"},\"query-input\":{\"@type\":\"PropertyValueSpecification\",\"valueRequired\":true,\"valueName\":\"search_term_string\"}}],\"inLanguage\":\"de\"},{\"@type\":[\"Person\",\"Organization\"],\"@id\":\"https:\\\/\\\/laballade.de\\\/wordpress\\\/#\\\/schema\\\/person\\\/6fadccd64c10acbfe6c9d563789d29a1\",\"name\":\"Susanne\",\"logo\":{\"@id\":\"https:\\\/\\\/laballade.de\\\/wordpress\\\/#\\\/schema\\\/person\\\/image\\\/\"},\"sameAs\":[\"https:\\\/\\\/www.laballade.de\"]}]}<\/script>\n<!-- \/ Yoast SEO plugin. -->","yoast_head_json":{"title":"Leseprobe \u2013 Der Verbannte auf dem Eisernhof - La Ballade","description":"Der Verbannte auf dem Eisernhof \u2013 Cozy Fantasy-Abenteuer mit kleinen bunten Drachen, klingenden Schellen und eiskaltem Bergsee","robots":{"index":"index","follow":"follow","max-snippet":"max-snippet:-1","max-image-preview":"max-image-preview:large","max-video-preview":"max-video-preview:-1"},"canonical":"https:\/\/laballade.de\/wordpress\/bibliothek\/geschriebenes\/leseprobe-der-verbannte-auf-dem-eisernhof\/","og_locale":"de_DE","og_type":"article","og_title":"Leseprobe \u2013 Der Verbannte auf dem Eisernhof - La Ballade","og_description":"Der Verbannte auf dem Eisernhof \u2013 Cozy Fantasy-Abenteuer mit kleinen bunten Drachen, klingenden Schellen und eiskaltem Bergsee","og_url":"https:\/\/laballade.de\/wordpress\/bibliothek\/geschriebenes\/leseprobe-der-verbannte-auf-dem-eisernhof\/","og_site_name":"La Ballade","article_modified_time":"2026-01-20T21:06:47+00:00","og_image":[{"url":"https:\/\/laballade.de\/wordpress\/wp-content\/uploads\/2025\/09\/Meni-Cover-Ebook-fertig-188x300.jpg","type":"","width":"","height":""}],"twitter_card":"summary_large_image","twitter_misc":{"Gesch\u00e4tzte Lesezeit":"4\u00a0Minuten"},"schema":{"@context":"https:\/\/schema.org","@graph":[{"@type":"WebPage","@id":"https:\/\/laballade.de\/wordpress\/bibliothek\/geschriebenes\/leseprobe-der-verbannte-auf-dem-eisernhof\/","url":"https:\/\/laballade.de\/wordpress\/bibliothek\/geschriebenes\/leseprobe-der-verbannte-auf-dem-eisernhof\/","name":"Leseprobe \u2013 Der Verbannte auf dem Eisernhof - La Ballade","isPartOf":{"@id":"https:\/\/laballade.de\/wordpress\/#website"},"primaryImageOfPage":{"@id":"https:\/\/laballade.de\/wordpress\/bibliothek\/geschriebenes\/leseprobe-der-verbannte-auf-dem-eisernhof\/#primaryimage"},"image":{"@id":"https:\/\/laballade.de\/wordpress\/bibliothek\/geschriebenes\/leseprobe-der-verbannte-auf-dem-eisernhof\/#primaryimage"},"thumbnailUrl":"https:\/\/laballade.de\/wordpress\/wp-content\/uploads\/2025\/09\/Meni-Cover-Ebook-fertig-188x300.jpg","datePublished":"2025-09-30T18:01:46+00:00","dateModified":"2026-01-20T21:06:47+00:00","description":"Der Verbannte auf dem Eisernhof \u2013 Cozy Fantasy-Abenteuer mit kleinen bunten Drachen, klingenden Schellen und eiskaltem Bergsee","breadcrumb":{"@id":"https:\/\/laballade.de\/wordpress\/bibliothek\/geschriebenes\/leseprobe-der-verbannte-auf-dem-eisernhof\/#breadcrumb"},"inLanguage":"de","potentialAction":[{"@type":"ReadAction","target":["https:\/\/laballade.de\/wordpress\/bibliothek\/geschriebenes\/leseprobe-der-verbannte-auf-dem-eisernhof\/"]}]},{"@type":"ImageObject","inLanguage":"de","@id":"https:\/\/laballade.de\/wordpress\/bibliothek\/geschriebenes\/leseprobe-der-verbannte-auf-dem-eisernhof\/#primaryimage","url":"https:\/\/laballade.de\/wordpress\/wp-content\/uploads\/2025\/09\/Meni-Cover-Ebook-fertig-e1759254991531.jpg","contentUrl":"https:\/\/laballade.de\/wordpress\/wp-content\/uploads\/2025\/09\/Meni-Cover-Ebook-fertig-e1759254991531.jpg","width":400,"height":640,"caption":"Buchcover \u00bbDer Verbannte auf dem Eisernhof\u00ab"},{"@type":"BreadcrumbList","@id":"https:\/\/laballade.de\/wordpress\/bibliothek\/geschriebenes\/leseprobe-der-verbannte-auf-dem-eisernhof\/#breadcrumb","itemListElement":[{"@type":"ListItem","position":1,"name":"Startseite","item":"https:\/\/laballade.de\/wordpress\/"},{"@type":"ListItem","position":2,"name":"Bibliothek","item":"https:\/\/laballade.de\/wordpress\/bibliothek\/"},{"@type":"ListItem","position":3,"name":"Geschriebenes","item":"https:\/\/laballade.de\/wordpress\/bibliothek\/geschriebenes\/"},{"@type":"ListItem","position":4,"name":"Leseprobe \u2013 Der Verbannte auf dem Eisernhof"}]},{"@type":"WebSite","@id":"https:\/\/laballade.de\/wordpress\/#website","url":"https:\/\/laballade.de\/wordpress\/","name":"La Ballade","description":"Geschichten und Musik","publisher":{"@id":"https:\/\/laballade.de\/wordpress\/#\/schema\/person\/6fadccd64c10acbfe6c9d563789d29a1"},"potentialAction":[{"@type":"SearchAction","target":{"@type":"EntryPoint","urlTemplate":"https:\/\/laballade.de\/wordpress\/?s={search_term_string}"},"query-input":{"@type":"PropertyValueSpecification","valueRequired":true,"valueName":"search_term_string"}}],"inLanguage":"de"},{"@type":["Person","Organization"],"@id":"https:\/\/laballade.de\/wordpress\/#\/schema\/person\/6fadccd64c10acbfe6c9d563789d29a1","name":"Susanne","logo":{"@id":"https:\/\/laballade.de\/wordpress\/#\/schema\/person\/image\/"},"sameAs":["https:\/\/www.laballade.de"]}]}},"_links":{"self":[{"href":"https:\/\/laballade.de\/wordpress\/wp-json\/wp\/v2\/pages\/6319","targetHints":{"allow":["GET"]}}],"collection":[{"href":"https:\/\/laballade.de\/wordpress\/wp-json\/wp\/v2\/pages"}],"about":[{"href":"https:\/\/laballade.de\/wordpress\/wp-json\/wp\/v2\/types\/page"}],"author":[{"embeddable":true,"href":"https:\/\/laballade.de\/wordpress\/wp-json\/wp\/v2\/users\/1"}],"replies":[{"embeddable":true,"href":"https:\/\/laballade.de\/wordpress\/wp-json\/wp\/v2\/comments?post=6319"}],"version-history":[{"count":9,"href":"https:\/\/laballade.de\/wordpress\/wp-json\/wp\/v2\/pages\/6319\/revisions"}],"predecessor-version":[{"id":6470,"href":"https:\/\/laballade.de\/wordpress\/wp-json\/wp\/v2\/pages\/6319\/revisions\/6470"}],"up":[{"embeddable":true,"href":"https:\/\/laballade.de\/wordpress\/wp-json\/wp\/v2\/pages\/173"}],"wp:attachment":[{"href":"https:\/\/laballade.de\/wordpress\/wp-json\/wp\/v2\/media?parent=6319"}],"curies":[{"name":"wp","href":"https:\/\/api.w.org\/{rel}","templated":true}]}}