{"id":6217,"date":"2024-10-03T10:44:45","date_gmt":"2024-10-03T08:44:45","guid":{"rendered":"https:\/\/laballade.de\/wordpress\/?page_id=6217"},"modified":"2026-01-17T17:52:16","modified_gmt":"2026-01-17T16:52:16","slug":"leseprobe-das-schwert-des-wilden-landes","status":"publish","type":"page","link":"https:\/\/laballade.de\/wordpress\/bibliothek\/geschriebenes\/leseprobe-das-schwert-des-wilden-landes\/","title":{"rendered":"Leseprobe &#8211; Das Schwert des Wilden Landes"},"content":{"rendered":"<p><img loading=\"lazy\" decoding=\"async\" class=\"alignleft size-medium wp-image-6208\" src=\"https:\/\/laballade.de\/wordpress\/wp-content\/uploads\/2024\/10\/Das-Schwert-des-Wilden-Landes-200x300.jpg\" alt=\"Das Schwert des Wilden Landes\" width=\"200\" height=\"300\" srcset=\"https:\/\/laballade.de\/wordpress\/wp-content\/uploads\/2024\/10\/Das-Schwert-des-Wilden-Landes-200x300.jpg 200w, https:\/\/laballade.de\/wordpress\/wp-content\/uploads\/2024\/10\/Das-Schwert-des-Wilden-Landes.jpg 528w\" sizes=\"auto, (max-width: 200px) 100vw, 200px\" \/>Sie waren umzingelt. In einen Hinterhalt der R\u00e4uber geraten. Wie h\u00e4tte Hoss\u00edek das vorhersehen sollen? Jetzt war es ohnehin zu sp\u00e4t, dar\u00fcber nachzudenken. Sie mussten sich den Weg freik\u00e4mpfen.<\/p>\n<p>Tjemmo Repete hatte sein Pferd schon gewendet und st\u00fcrmte auf die vermummten Gestalten ein, die den Hohlweg versperren wollten. An seiner Seite konnte Hoss\u00edek nicht bleiben, zwischen den k\u00f6nigstreuen Reitern und der B\u00f6schung dr\u00e4ngten sich weitere Feinde. Aber das waren keine R\u00e4uber, sondern kleine, gr\u00e4ulich-gr\u00fcne Gesch\u00f6pfe, die blitzschnell hin und her sprangen. Er hieb blindlings auf sie ein, um sie von Tjemmo Repete fernzuhalten.<\/p>\n<p>Ob Tar Sinon, Guwar Ziemhurst und Jiesche Kojarn hinter ihm etwas taten, konnte er nicht feststellen. Auch von dort regnete es Hiebe und Steine und Gebr\u00fcll. Pferde b\u00e4umten sich auf und keilten aus.<\/p>\n<p>Etwas knallte gegen Hoss\u00edeks Helm. Ihm wurde schwarz vor Augen. Sein Arm gehorchte ihm nicht mehr, und die Welt drehte sich um ihn.<\/p>\n<h4 align=\"center\">* * *<\/h4>\n<p>Hoss\u00edek hielt sich mehr schlecht als recht im Sattel. Jeder Schritt seines Pferdes kam als dumpfer Schlag in seinem Kopf an. Sein ganzer K\u00f6rper schien nur noch aus Schmerz zu bestehen.<\/p>\n<p>Wie lange musste er das noch aushalten? So weit konnte es nicht mehr sein zum sicheren Haus im Bodrawer Moor. Dorthin waren sie doch unterwegs, oder?<\/p>\n<p>Seinen Begleiter nahm Hoss\u00edek kaum wahr. War das Tjemmo Repete? Oder einer von den anderen, den R\u00e4ubern von der Landstra\u00dfe?<\/p>\n<p>Da stieg mit einem Mal das Pferd dieses Reiters. Hoss\u00edeks eigenes Reittier t\u00e4nzelte \u2013 wieder ein paar schmerzhafte St\u00f6\u00dfe f\u00fcr seinen Kopf.<\/p>\n<p>\u00bbWas ist los?\u00ab, fragte Hoss\u00edek.<\/p>\n<p>\u00bbIch hab uns angemeldet.\u00ab Also doch Herr Repete. Was er wohl damit meinte?<\/p>\n<p>Endlich h\u00f6rte das Sto\u00dfen in Hoss\u00edeks Kopf auf. Wie aus weiter Ferne h\u00f6rte er Herrn Repete mit jemandem sprechen. Mit einer Frau. Kannte er die Stimme?<\/p>\n<h4 align=\"center\">* * *<\/h4>\n<p>Als Hoss\u00edek wieder zu sich kam, lag er auf einem schmalen Bett. Neben ihm sa\u00df eine \u00e4ltere Frau, die Haare streng in den Nacken gek\u00e4mmt, am Kragen das Blumenemblem der milden K\u00f6nigin Selbat.<\/p>\n<p>Tante Jatizia, die Dienst\u00e4lteste im Feldlazarett.<\/p>\n<p>\u00bbBist du wieder wach, Junge?\u00ab, fragte sie.<\/p>\n<p>Das war die Stimme, die er im Hof geh\u00f6rt hatte.<\/p>\n<p>Hoss\u00edek versuchte, etwas zu sagen. Das war besser, als zu nicken. Aber er brachte keinen Ton heraus.<\/p>\n<p>Die Heilerin hielt ihm einen Becher an die Lippen und wollte ihm etwas einfl\u00f6\u00dfen. Grauenhaft bitter.<\/p>\n<p>\u00bbJa, ich wei\u00df, wie das schmeckt. Aber es hilft.\u00ab Tante Jatizia setzte den Becher erneut an.<\/p>\n<p>Widerstrebend trank Hoss\u00edek ein paar Schlucke. Das gen\u00fcgte. \u00bbDann bin ich in Sicherheit?\u00ab<\/p>\n<p>\u00bbJa, du bist in Sicherheit. Herr Repete und Tar Sinon haben die R\u00e4uber und das andere Lumpenpack geschickt abgeh\u00e4ngt.\u00ab<\/p>\n<p>Hoss\u00edek d\u00e4mmerte in einen tiefen, traumlosen Schlaf hin\u00fcber.<\/p>\n<h4 class=\"western\" style=\"text-align: center;\">Erster Traum<\/h4>\n<p>In der Dunkelheit der Nacht glomm ein winziger heller Fleck auf. Er wurde gr\u00f6\u00dfer, nahm Konturen an, formte scharfe Kanten, eine wei\u00dfe Spitze. Darunter breitete sich Grau aus, bis es in Gr\u00fcn \u00fcberging. Auf dem schneebedeckten Berggipfel wurde eine Gestalt erkennbar, ein Ritter in gl\u00e4nzender R\u00fcstung. Seine mit Eisen bekleideten F\u00e4uste umfassten den Griff eines Schwertes, als ob er sich darauf st\u00fctzte. Erwartungsvoll schaute er in die Ferne.<\/p>\n<p>Dort verschwamm die Dunkelheit in einem nebligen Grau, das keine Formen erkennen lie\u00df. Der Krieger drehte sich langsam um und hielt in alle Richtungen Ausschau. Da sch\u00e4lte sich aus dem Nebel eine Gestalt mit langem Hals und riesigen, ledrigen Schwingen. Lautlos n\u00e4herte sie sich dem Krieger, der immer kleiner wurde, bis er im Boden zu versinken schien. Nur sein Schwert lag noch im Schnee. Dann verschwand auch die Waffe nach und nach. Ein kreuzf\u00f6rmiger Abdruck markierte die Stelle, wo sie gelegen hatte.<\/p>\n<p>W\u00e4hrend der graue Nebeldrache seine Runden um den Berg drehte, f\u00e4rbten sich seine Schuppen dunkler, sein Umriss wurde sch\u00e4rfer. H\u00f6rner und Krallen zeigten sich klar und bedrohlich. Der Drache wandte seine Aufmerksamkeit einem anderen Berg zu, auf dem eine Stadt im Sonnenlicht funkelte wie ein Edelstein. Das Untier stie\u00df darauf hinab und verdeckte alles Helle mit seinen gewaltigen Schwingen.<\/p>\n<p>Auf dem Berg lag noch immer still der kreuzf\u00f6rmige Abdruck des Schwertes im Schnee.<\/p>\n<p>Lange zog der Drache seine Kreise um beide Berge. Doch dann fiel ein Sonnenstrahl an seinen Schwingen des Drachen vorbei, und das Licht brach sich in den Schneekristallen.<\/p>\n<p>Aber die glitzernden Farben drangen nicht durch den Nebel. Sie konzentrierten sich in einem Ball. Er rollte \u00fcber den Schnee hinab, und dahinter erhob sich das Gesicht des Kriegers. Seine H\u00e4nde griffen nach dem Schwert, durch den Schnee, in dem es sich abzeichnete.<\/p>\n<p>Der Nebel verdichtete sich zu scharfen Krallen und Z\u00e4hnen, packte den umherrollenden Ball und zerriss ihn in tausend Fetzen. Sie wirbelten umher, saugten das Grau auf und landeten als breiter grauer Hut auf dem Schnee. Darunter kam ein Kopf zum Vorschein. Neben dem breit grinsenden Gesicht schob sich eine Hand nach oben, und daran zog sich ein Mensch aus dem Schnee. Einen Augenblick stand er breitbeinig auf der wei\u00dfen Fl\u00e4che. Dann sprang er herum und griff nach jedem Sonnenfunken, der es an den Drachenschwingen vorbei schaffte. Den ersten, den er zu fassen bekam, zog er herab zu dem Krieger, dessen Kopf noch im Schnee lag. Gelbes Licht strahlte auf ihn. Sein K\u00f6rper gewann Form, eine Hand l\u00f6ste sich aus der wei\u00dfen Decke.<\/p>\n<p><span style=\"font-size: medium;\">Der T\u00e4nzer mit dem grauen Hut reichte dem Krieger die Hand und zog ihn auf die Beine. Das gelbe Licht verfolgte sie, und gemeinsam griffen sie nach dem Abdruck des Schwertes. Langsam hoben sie es auf. In ihren H\u00e4nden und im Licht wurde es fester. Mit dem funkelnden Schwert drehten sie sich um und zeigten auf den Menschen, der da tr\u00e4umte. <\/span><span style=\"font-size: medium;\"><i>Hier ist dein Schwert. Komm und hol es dir.<\/i><\/span><\/p>\n<p style=\"text-align: center;\">* * *<\/p>\n<p>E-Book bei <a href=\"https:\/\/schlapp.buchhandlung.de\/shop\/article\/53986072\/susanne_bonn_das_schwert_des_wilden_landes.html\">H. L. Schlapp<\/a> * <a href=\"https:\/\/www.fairbuch.de\/shop\/article\/53986072\/susanne_bonn_das_schwert_des_wilden_landes.html\">Fairbuch<\/a> * <a href=\"https:\/\/www.hugendubel.de\/de\/ebook_epub\/susanne_bonn-das_schwert_des_wilden_landes-49117416-produkt-details.html\">Hugendubel<\/a> * <a href=\"https:\/\/www.orellfuessli.ch\/shop\/home\/artikeldetails\/A1073193932\">Orell F\u00fcssli<\/a> * <a href=\"https:\/\/www.osiander.de\/shop\/home\/artikeldetails\/A1073193932\">Osiander<\/a> * <a href=\"https:\/\/www.skoobe.de\/books\/susanne-bonn\/das-schwert-des-wilden-landes\">Skoobe<\/a> * <a href=\"https:\/\/www.thalia.de\/shop\/home\/artikeldetails\/A1073193932\">Thalia<\/a><\/p>\n<p><a href=\"https:\/\/www.epubli.com\/shop\/das-schwert-des-wilden-landes-9783819066764\">Taschenbuch bei epubli<\/a><\/p>\n","protected":false},"excerpt":{"rendered":"<p>Sie waren umzingelt. In einen Hinterhalt der R\u00e4uber geraten. Wie h\u00e4tte Hoss\u00edek das vorhersehen sollen? Jetzt war es ohnehin zu sp\u00e4t, dar\u00fcber nachzudenken. Sie mussten sich den Weg freik\u00e4mpfen. Tjemmo Repete hatte sein Pferd schon gewendet und st\u00fcrmte auf die vermummten Gestalten ein, die den Hohlweg versperren wollten. An seiner Seite konnte Hoss\u00edek nicht bleiben, [&hellip;]<\/p>\n","protected":false},"author":1,"featured_media":0,"parent":173,"menu_order":0,"comment_status":"closed","ping_status":"closed","template":"","meta":{"footnotes":""},"class_list":["post-6217","page","type-page","status-publish","hentry"],"yoast_head":"<!-- This site is optimized with the Yoast SEO plugin v27.4 - https:\/\/yoast.com\/product\/yoast-seo-wordpress\/ -->\n<title>Leseprobe - Das Schwert des Wilden Landes - La Ballade<\/title>\n<meta name=\"description\" content=\"Abenteuerlicher Fantasy-Roman mit sagenhaften Helden, prophetischen Tr\u00e4umen und Fledermauskacke\" \/>\n<meta name=\"robots\" content=\"index, follow, max-snippet:-1, max-image-preview:large, max-video-preview:-1\" \/>\n<link rel=\"canonical\" href=\"https:\/\/laballade.de\/wordpress\/bibliothek\/geschriebenes\/leseprobe-das-schwert-des-wilden-landes\/\" \/>\n<meta property=\"og:locale\" content=\"de_DE\" \/>\n<meta property=\"og:type\" content=\"article\" \/>\n<meta property=\"og:title\" content=\"Leseprobe - Das Schwert des Wilden Landes - La Ballade\" \/>\n<meta property=\"og:description\" content=\"Abenteuerlicher Fantasy-Roman mit sagenhaften Helden, prophetischen Tr\u00e4umen und Fledermauskacke\" \/>\n<meta property=\"og:url\" content=\"https:\/\/laballade.de\/wordpress\/bibliothek\/geschriebenes\/leseprobe-das-schwert-des-wilden-landes\/\" \/>\n<meta property=\"og:site_name\" content=\"La Ballade\" \/>\n<meta property=\"article:modified_time\" content=\"2026-01-17T16:52:16+00:00\" \/>\n<meta property=\"og:image\" content=\"https:\/\/laballade.de\/wordpress\/wp-content\/uploads\/2024\/10\/Das-Schwert-des-Wilden-Landes-200x300.jpg\" \/>\n<meta name=\"twitter:card\" content=\"summary_large_image\" \/>\n<meta name=\"twitter:label1\" content=\"Gesch\u00e4tzte Lesezeit\" \/>\n\t<meta name=\"twitter:data1\" content=\"6\u00a0Minuten\" \/>\n<script type=\"application\/ld+json\" class=\"yoast-schema-graph\">{\"@context\":\"https:\\\/\\\/schema.org\",\"@graph\":[{\"@type\":\"WebPage\",\"@id\":\"https:\\\/\\\/laballade.de\\\/wordpress\\\/bibliothek\\\/geschriebenes\\\/leseprobe-das-schwert-des-wilden-landes\\\/\",\"url\":\"https:\\\/\\\/laballade.de\\\/wordpress\\\/bibliothek\\\/geschriebenes\\\/leseprobe-das-schwert-des-wilden-landes\\\/\",\"name\":\"Leseprobe - Das Schwert des Wilden Landes - La Ballade\",\"isPartOf\":{\"@id\":\"https:\\\/\\\/laballade.de\\\/wordpress\\\/#website\"},\"primaryImageOfPage\":{\"@id\":\"https:\\\/\\\/laballade.de\\\/wordpress\\\/bibliothek\\\/geschriebenes\\\/leseprobe-das-schwert-des-wilden-landes\\\/#primaryimage\"},\"image\":{\"@id\":\"https:\\\/\\\/laballade.de\\\/wordpress\\\/bibliothek\\\/geschriebenes\\\/leseprobe-das-schwert-des-wilden-landes\\\/#primaryimage\"},\"thumbnailUrl\":\"https:\\\/\\\/laballade.de\\\/wordpress\\\/wp-content\\\/uploads\\\/2024\\\/10\\\/Das-Schwert-des-Wilden-Landes-200x300.jpg\",\"datePublished\":\"2024-10-03T08:44:45+00:00\",\"dateModified\":\"2026-01-17T16:52:16+00:00\",\"description\":\"Abenteuerlicher Fantasy-Roman mit sagenhaften Helden, prophetischen Tr\u00e4umen und Fledermauskacke\",\"breadcrumb\":{\"@id\":\"https:\\\/\\\/laballade.de\\\/wordpress\\\/bibliothek\\\/geschriebenes\\\/leseprobe-das-schwert-des-wilden-landes\\\/#breadcrumb\"},\"inLanguage\":\"de\",\"potentialAction\":[{\"@type\":\"ReadAction\",\"target\":[\"https:\\\/\\\/laballade.de\\\/wordpress\\\/bibliothek\\\/geschriebenes\\\/leseprobe-das-schwert-des-wilden-landes\\\/\"]}]},{\"@type\":\"ImageObject\",\"inLanguage\":\"de\",\"@id\":\"https:\\\/\\\/laballade.de\\\/wordpress\\\/bibliothek\\\/geschriebenes\\\/leseprobe-das-schwert-des-wilden-landes\\\/#primaryimage\",\"url\":\"https:\\\/\\\/laballade.de\\\/wordpress\\\/wp-content\\\/uploads\\\/2024\\\/10\\\/Das-Schwert-des-Wilden-Landes.jpg\",\"contentUrl\":\"https:\\\/\\\/laballade.de\\\/wordpress\\\/wp-content\\\/uploads\\\/2024\\\/10\\\/Das-Schwert-des-Wilden-Landes.jpg\",\"width\":528,\"height\":792,\"caption\":\"Das Schwert des Wilden Landes\"},{\"@type\":\"BreadcrumbList\",\"@id\":\"https:\\\/\\\/laballade.de\\\/wordpress\\\/bibliothek\\\/geschriebenes\\\/leseprobe-das-schwert-des-wilden-landes\\\/#breadcrumb\",\"itemListElement\":[{\"@type\":\"ListItem\",\"position\":1,\"name\":\"Startseite\",\"item\":\"https:\\\/\\\/laballade.de\\\/wordpress\\\/\"},{\"@type\":\"ListItem\",\"position\":2,\"name\":\"Bibliothek\",\"item\":\"https:\\\/\\\/laballade.de\\\/wordpress\\\/bibliothek\\\/\"},{\"@type\":\"ListItem\",\"position\":3,\"name\":\"Geschriebenes\",\"item\":\"https:\\\/\\\/laballade.de\\\/wordpress\\\/bibliothek\\\/geschriebenes\\\/\"},{\"@type\":\"ListItem\",\"position\":4,\"name\":\"Leseprobe &#8211; Das Schwert des Wilden Landes\"}]},{\"@type\":\"WebSite\",\"@id\":\"https:\\\/\\\/laballade.de\\\/wordpress\\\/#website\",\"url\":\"https:\\\/\\\/laballade.de\\\/wordpress\\\/\",\"name\":\"La Ballade\",\"description\":\"Geschichten und Musik\",\"publisher\":{\"@id\":\"https:\\\/\\\/laballade.de\\\/wordpress\\\/#\\\/schema\\\/person\\\/6fadccd64c10acbfe6c9d563789d29a1\"},\"potentialAction\":[{\"@type\":\"SearchAction\",\"target\":{\"@type\":\"EntryPoint\",\"urlTemplate\":\"https:\\\/\\\/laballade.de\\\/wordpress\\\/?s={search_term_string}\"},\"query-input\":{\"@type\":\"PropertyValueSpecification\",\"valueRequired\":true,\"valueName\":\"search_term_string\"}}],\"inLanguage\":\"de\"},{\"@type\":[\"Person\",\"Organization\"],\"@id\":\"https:\\\/\\\/laballade.de\\\/wordpress\\\/#\\\/schema\\\/person\\\/6fadccd64c10acbfe6c9d563789d29a1\",\"name\":\"Susanne\",\"logo\":{\"@id\":\"https:\\\/\\\/laballade.de\\\/wordpress\\\/#\\\/schema\\\/person\\\/image\\\/\"},\"sameAs\":[\"https:\\\/\\\/www.laballade.de\"]}]}<\/script>\n<!-- \/ Yoast SEO plugin. -->","yoast_head_json":{"title":"Leseprobe - Das Schwert des Wilden Landes - La Ballade","description":"Abenteuerlicher Fantasy-Roman mit sagenhaften Helden, prophetischen Tr\u00e4umen und Fledermauskacke","robots":{"index":"index","follow":"follow","max-snippet":"max-snippet:-1","max-image-preview":"max-image-preview:large","max-video-preview":"max-video-preview:-1"},"canonical":"https:\/\/laballade.de\/wordpress\/bibliothek\/geschriebenes\/leseprobe-das-schwert-des-wilden-landes\/","og_locale":"de_DE","og_type":"article","og_title":"Leseprobe - Das Schwert des Wilden Landes - La Ballade","og_description":"Abenteuerlicher Fantasy-Roman mit sagenhaften Helden, prophetischen Tr\u00e4umen und Fledermauskacke","og_url":"https:\/\/laballade.de\/wordpress\/bibliothek\/geschriebenes\/leseprobe-das-schwert-des-wilden-landes\/","og_site_name":"La Ballade","article_modified_time":"2026-01-17T16:52:16+00:00","og_image":[{"url":"https:\/\/laballade.de\/wordpress\/wp-content\/uploads\/2024\/10\/Das-Schwert-des-Wilden-Landes-200x300.jpg","type":"","width":"","height":""}],"twitter_card":"summary_large_image","twitter_misc":{"Gesch\u00e4tzte Lesezeit":"6\u00a0Minuten"},"schema":{"@context":"https:\/\/schema.org","@graph":[{"@type":"WebPage","@id":"https:\/\/laballade.de\/wordpress\/bibliothek\/geschriebenes\/leseprobe-das-schwert-des-wilden-landes\/","url":"https:\/\/laballade.de\/wordpress\/bibliothek\/geschriebenes\/leseprobe-das-schwert-des-wilden-landes\/","name":"Leseprobe - Das Schwert des Wilden Landes - La Ballade","isPartOf":{"@id":"https:\/\/laballade.de\/wordpress\/#website"},"primaryImageOfPage":{"@id":"https:\/\/laballade.de\/wordpress\/bibliothek\/geschriebenes\/leseprobe-das-schwert-des-wilden-landes\/#primaryimage"},"image":{"@id":"https:\/\/laballade.de\/wordpress\/bibliothek\/geschriebenes\/leseprobe-das-schwert-des-wilden-landes\/#primaryimage"},"thumbnailUrl":"https:\/\/laballade.de\/wordpress\/wp-content\/uploads\/2024\/10\/Das-Schwert-des-Wilden-Landes-200x300.jpg","datePublished":"2024-10-03T08:44:45+00:00","dateModified":"2026-01-17T16:52:16+00:00","description":"Abenteuerlicher Fantasy-Roman mit sagenhaften Helden, prophetischen Tr\u00e4umen und Fledermauskacke","breadcrumb":{"@id":"https:\/\/laballade.de\/wordpress\/bibliothek\/geschriebenes\/leseprobe-das-schwert-des-wilden-landes\/#breadcrumb"},"inLanguage":"de","potentialAction":[{"@type":"ReadAction","target":["https:\/\/laballade.de\/wordpress\/bibliothek\/geschriebenes\/leseprobe-das-schwert-des-wilden-landes\/"]}]},{"@type":"ImageObject","inLanguage":"de","@id":"https:\/\/laballade.de\/wordpress\/bibliothek\/geschriebenes\/leseprobe-das-schwert-des-wilden-landes\/#primaryimage","url":"https:\/\/laballade.de\/wordpress\/wp-content\/uploads\/2024\/10\/Das-Schwert-des-Wilden-Landes.jpg","contentUrl":"https:\/\/laballade.de\/wordpress\/wp-content\/uploads\/2024\/10\/Das-Schwert-des-Wilden-Landes.jpg","width":528,"height":792,"caption":"Das Schwert des Wilden Landes"},{"@type":"BreadcrumbList","@id":"https:\/\/laballade.de\/wordpress\/bibliothek\/geschriebenes\/leseprobe-das-schwert-des-wilden-landes\/#breadcrumb","itemListElement":[{"@type":"ListItem","position":1,"name":"Startseite","item":"https:\/\/laballade.de\/wordpress\/"},{"@type":"ListItem","position":2,"name":"Bibliothek","item":"https:\/\/laballade.de\/wordpress\/bibliothek\/"},{"@type":"ListItem","position":3,"name":"Geschriebenes","item":"https:\/\/laballade.de\/wordpress\/bibliothek\/geschriebenes\/"},{"@type":"ListItem","position":4,"name":"Leseprobe &#8211; Das Schwert des Wilden Landes"}]},{"@type":"WebSite","@id":"https:\/\/laballade.de\/wordpress\/#website","url":"https:\/\/laballade.de\/wordpress\/","name":"La Ballade","description":"Geschichten und Musik","publisher":{"@id":"https:\/\/laballade.de\/wordpress\/#\/schema\/person\/6fadccd64c10acbfe6c9d563789d29a1"},"potentialAction":[{"@type":"SearchAction","target":{"@type":"EntryPoint","urlTemplate":"https:\/\/laballade.de\/wordpress\/?s={search_term_string}"},"query-input":{"@type":"PropertyValueSpecification","valueRequired":true,"valueName":"search_term_string"}}],"inLanguage":"de"},{"@type":["Person","Organization"],"@id":"https:\/\/laballade.de\/wordpress\/#\/schema\/person\/6fadccd64c10acbfe6c9d563789d29a1","name":"Susanne","logo":{"@id":"https:\/\/laballade.de\/wordpress\/#\/schema\/person\/image\/"},"sameAs":["https:\/\/www.laballade.de"]}]}},"_links":{"self":[{"href":"https:\/\/laballade.de\/wordpress\/wp-json\/wp\/v2\/pages\/6217","targetHints":{"allow":["GET"]}}],"collection":[{"href":"https:\/\/laballade.de\/wordpress\/wp-json\/wp\/v2\/pages"}],"about":[{"href":"https:\/\/laballade.de\/wordpress\/wp-json\/wp\/v2\/types\/page"}],"author":[{"embeddable":true,"href":"https:\/\/laballade.de\/wordpress\/wp-json\/wp\/v2\/users\/1"}],"replies":[{"embeddable":true,"href":"https:\/\/laballade.de\/wordpress\/wp-json\/wp\/v2\/comments?post=6217"}],"version-history":[{"count":10,"href":"https:\/\/laballade.de\/wordpress\/wp-json\/wp\/v2\/pages\/6217\/revisions"}],"predecessor-version":[{"id":6422,"href":"https:\/\/laballade.de\/wordpress\/wp-json\/wp\/v2\/pages\/6217\/revisions\/6422"}],"up":[{"embeddable":true,"href":"https:\/\/laballade.de\/wordpress\/wp-json\/wp\/v2\/pages\/173"}],"wp:attachment":[{"href":"https:\/\/laballade.de\/wordpress\/wp-json\/wp\/v2\/media?parent=6217"}],"curies":[{"name":"wp","href":"https:\/\/api.w.org\/{rel}","templated":true}]}}