{"id":4436,"date":"2021-06-19T13:46:41","date_gmt":"2021-06-19T11:46:41","guid":{"rendered":"https:\/\/laballade.de\/wordpress\/?page_id=4436"},"modified":"2025-07-07T19:49:21","modified_gmt":"2025-07-07T17:49:21","slug":"leseprobe-der-tagedieb","status":"publish","type":"page","link":"https:\/\/laballade.de\/wordpress\/bibliothek\/geschriebenes\/leseprobe-der-tagedieb\/","title":{"rendered":"Leseprobe &#8211; Der Tagedieb"},"content":{"rendered":"<div id=\"attachment_508\" style=\"width: 214px\" class=\"wp-caption alignleft\"><img loading=\"lazy\" decoding=\"async\" aria-describedby=\"caption-attachment-508\" class=\"size-medium wp-image-508\" src=\"https:\/\/laballade.de\/wordpress\/wp-content\/uploads\/2018\/10\/Phantastische-Sportler_backcover-204x300.jpg\" alt=\"Phantastische Sportler\" width=\"204\" height=\"300\" srcset=\"https:\/\/laballade.de\/wordpress\/wp-content\/uploads\/2018\/10\/Phantastische-Sportler_backcover-204x300.jpg 204w, https:\/\/laballade.de\/wordpress\/wp-content\/uploads\/2018\/10\/Phantastische-Sportler_backcover.jpg 238w\" sizes=\"auto, (max-width: 204px) 100vw, 204px\" \/><p id=\"caption-attachment-508\" class=\"wp-caption-text\">in <em>Phantastische Sportler<\/em>, Hrsg. W. Schr\u00f6der &amp; M. Heitkamp<\/p><\/div>\n<p><span style=\"font-family: Courier New, monospace;\"><span style=\"font-family: Times New Roman, serif;\">Hinter den sieben Bergen lebte einst eine K\u00f6nigin, die hatte eine wundersch\u00f6ne Tochter. Diese trug zu allen Kleidern, die sie besa\u00df, ein Paar gr\u00fcne \u00c4rmel. Sie waren aus den Bl\u00e4ttern der B\u00e4ume und Str\u00e4ucher der Elfenw\u00e4lder gefertigt. Ihr Liebster hatte ihr diese geschickt und wenn der Elfenprinz an seine Geliebte dachte, dann erschien zwischen dem Gr\u00fcn eine helle Bl\u00fcte. Darum nannte man sie Prinzessin Rosenarm.<\/span><\/span><\/p>\n<p><span style=\"font-family: Courier New, monospace;\"><span style=\"font-family: Times New Roman, serif;\">Der Prinz war ein schm\u00e4chtiger junger Mann mit blonden Locken und t\u00fcckisch schr\u00e4gen Augen, der nach der Art seines Volkes in den Tag hinein lebte. Er streifte durch die W\u00e4lder, jagte mit Pfeil und Bogen oder mit seinen Falken, er sang zur Harfe und tanzte bei den Festen am elfischen Hof, bis die Sonne aufging. Darum nannten ihn die Menschen, die ihm wohlgesonnen waren, Prinz Leichtfu\u00df. Die K\u00f6nigin und andere, die ihn nicht in ihrem Land sehen wollten, sagten dagegen: \u00bbDer Tagedieb!\u00ab<\/span><\/span><\/p>\n<p><span style=\"font-family: Courier New, monospace;\"><span style=\"font-family: Times New Roman, serif;\">Die Elfen lebten \u00fcberall in den sieben Bergen und sie lauerten nur darauf, dass sie auch das K\u00f6nigreich dahinter in ihre H\u00e4nde bek\u00e4men. Dazu die Bucht am Fu\u00df der sieben Berge, wo die Seeh\u00e4ndler ankerten und Sch\u00e4tze aus dem Osten und aller Welt an Land brachten. Alles, was funkelte und duftete, war den Elfen genauso lieb wie den Menschen. Wenn die Prinzessin den Elfenprinzen heiratete, brauchten sie daf\u00fcr nicht einmal in den Krieg zu ziehen.<\/span><\/span><\/p>\n<p><span style=\"font-family: Courier New, monospace;\"><span style=\"font-family: Times New Roman, serif;\">Deshalb schaute die K\u00f6nigin nach einem jungen Mann aus, der besser zu ihrem K\u00f6nigreich passte. Sie fand Piet Hein, den Gr\u00f6\u00dften unter den Seeh\u00e4ndlern, dessen Fahrten mit seinem Schiff, dem <\/span><span style=\"font-family: Times New Roman, serif;\"><i>Gr\u00fcnen Drachen<\/i><\/span><span style=\"font-family: Times New Roman, serif;\">, ihn in weiter entfernte Regionen f\u00fchrte und mehr Abenteuer bestehen lie\u00dfen als die anderen. Auch brachte er von seinen Reisen noch seltenere und kostbarere Sch\u00e4tze mit. Er kannte die Sprachen aller V\u00f6lker dieser Welt, wenn sie nur Handel trieben. Au\u00dferdem kannte er alle Wege der See und die Ungeheuer, die dort hausten.<\/span><\/span><\/p>\n<p><span style=\"font-family: Courier New, monospace;\"><span style=\"font-family: Times New Roman, serif;\">Auch die Elfen sch\u00e4tzten seine Waren sehr. Aber Piet Hein lie\u00df sich nicht von ihren Schlichen blenden, mit denen sie andere H\u00e4ndler \u00fcbervorteilten. Er nahm ihr falsches Gold nicht an und er tauschte seine Waren nicht gegen ein Lied.<\/span><\/span><\/p>\n<p><span style=\"font-family: Courier New, monospace;\"><span style=\"font-family: Times New Roman, serif;\">Im K\u00f6nigreich hinter den sieben Bergen war es von alters her Brauch, dass junge Prinzen und Edelleute anreisten, um im Wettstreit miteinander die Hand der Prinzessin zu gewinnen. Drei Aufgaben mussten sie bestehen und jeweils den Preis zur K\u00f6nigin bringen: \u00fcber die Felder zur Halle des Bienenk\u00f6nigs reiten und einen Honigstein holen, mit Pfeil und Bogen zum Holzapfelb\u00e4umchen ziehen und drei \u00c4pfel herunterschie\u00dfen und zum Schluss in der Bucht am Fu\u00df der sieben Berge den Lachs angeln, der den Ring der K\u00f6nigin verschluckt hatte.<\/span><\/span><\/p>\n<p><span style=\"font-family: Courier New, monospace;\"><span style=\"font-family: Times New Roman, serif;\">Doch die K\u00f6nigin dachte bei sich: \u00bbDiese Pr\u00fcfungen wird der Tagedieb leicht bestehen, denn er reitet wie der Wind, jeder Pfeil von seiner Sehne trifft das Ziel und sein t\u00fcckisches Volk durchschaut alle Tiere.\u00ab Sie \u00fcberlegte, wie sie die Aufgaben ver\u00e4ndern konnte, sodass Piet Hein der Seefahrer sie am schnellsten und besten l\u00f6sen w\u00fcrde.<\/span><\/span><\/p>\n<p style=\"text-align: center;\">* * *<\/p>\n<p style=\"text-align: left;\"><a href=\"https:\/\/www.verlag-torsten-low.com\/de\/Anthologien\/Phantastik--gemischt-\/Phantastische-Sportler---Markus-Heitkamp-und-Wolfgang-Schroeder--Hrsg--.html\">Print bei Verlag Torsten Low<\/a> \u00a0\u00a0\u00a0\u00a0\u00a0\u00a0\u00a0\u00a0\u00a0\u00a0\u00a0\u00a0\u00a0\u00a0\u00a0\u00a0\u00a0\u00a0\u00a0\u00a0\u00a0\u00a0\u00a0\u00a0\u00a0\u00a0\u00a0\u00a0\u00a0\u00a0\u00a0\u00a0\u00a0\u00a0\u00a0\u00a0\u00a0\u00a0\u00a0\u00a0\u00a0\u00a0\u00a0\u00a0\u00a0\u00a0\u00a0\u00a0\u00a0\u00a0\u00a0\u00a0\u00a0\u00a0\u00a0\u00a0\u00a0\u00a0\u00a0\u00a0\u00a0\u00a0\u00a0\u00a0\u00a0\u00a0\u00a0\u00a0\u00a0\u00a0\u00a0\u00a0\u00a0\u00a0\u00a0\u00a0\u00a0\u00a0\u00a0\u00a0\u00a0\u00a0\u00a0\u00a0\u00a0\u00a0\u00a0\u00a0\u00a0\u00a0\u00a0\u00a0\u00a0\u00a0\u00a0\u00a0\u00a0\u00a0\u00a0\u00a0\u00a0\u00a0\u00a0\u00a0\u00a0\u00a0\u00a0\u00a0\u00a0\u00a0\u00a0\u00a0\u00a0\u00a0\u00a0\u00a0\u00a0\u00a0\u00a0\u00a0\u00a0\u00a0\u00a0\u00a0\u00a0\u00a0\u00a0\u00a0\u00a0\u00a0\u00a0\u00a0\u00a0\u00a0\u00a0\u00a0\u00a0\u00a0\u00a0\u00a0\u00a0\u00a0\u00a0\u00a0\u00a0\u00a0\u00a0\u00a0\u00a0\u00a0\u00a0\u00a0\u00a0\u00a0\u00a0\u00a0\u00a0\u00a0\u00a0\u00a0\u00a0\u00a0\u00a0\u00a0\u00a0\u00a0\u00a0\u00a0\u00a0\u00a0\u00a0\u00a0\u00a0\u00a0\u00a0\u00a0\u00a0\u00a0\u00a0\u00a0\u00a0\u00a0\u00a0\u00a0\u00a0\u00a0\u00a0 und vertont bei <a href=\"https:\/\/klausgesprochen.de\/der-tagedieb\/\">Klausgesprochen<\/a><\/p>\n","protected":false},"excerpt":{"rendered":"<p>Hinter den sieben Bergen lebte einst eine K\u00f6nigin, die hatte eine wundersch\u00f6ne Tochter. Diese trug zu allen Kleidern, die sie besa\u00df, ein Paar gr\u00fcne \u00c4rmel. Sie waren aus den Bl\u00e4ttern der B\u00e4ume und Str\u00e4ucher der Elfenw\u00e4lder gefertigt. Ihr Liebster hatte ihr diese geschickt und wenn der Elfenprinz an seine Geliebte dachte, dann erschien zwischen dem [&hellip;]<\/p>\n","protected":false},"author":1,"featured_media":0,"parent":173,"menu_order":0,"comment_status":"closed","ping_status":"closed","template":"","meta":{"footnotes":""},"class_list":["post-4436","page","type-page","status-publish","hentry"],"yoast_head":"<!-- This site is optimized with the Yoast SEO plugin v27.4 - https:\/\/yoast.com\/product\/yoast-seo-wordpress\/ -->\n<title>Leseprobe - Der Tagedieb - La Ballade<\/title>\n<meta name=\"robots\" content=\"index, follow, max-snippet:-1, max-image-preview:large, max-video-preview:-1\" \/>\n<link rel=\"canonical\" href=\"https:\/\/laballade.de\/wordpress\/bibliothek\/geschriebenes\/leseprobe-der-tagedieb\/\" \/>\n<meta property=\"og:locale\" content=\"de_DE\" \/>\n<meta property=\"og:type\" content=\"article\" \/>\n<meta property=\"og:title\" content=\"Leseprobe - Der Tagedieb - La Ballade\" \/>\n<meta property=\"og:description\" content=\"Hinter den sieben Bergen lebte einst eine K\u00f6nigin, die hatte eine wundersch\u00f6ne Tochter. Diese trug zu allen Kleidern, die sie besa\u00df, ein Paar gr\u00fcne \u00c4rmel. Sie waren aus den Bl\u00e4ttern der B\u00e4ume und Str\u00e4ucher der Elfenw\u00e4lder gefertigt. Ihr Liebster hatte ihr diese geschickt und wenn der Elfenprinz an seine Geliebte dachte, dann erschien zwischen dem [&hellip;]\" \/>\n<meta property=\"og:url\" content=\"https:\/\/laballade.de\/wordpress\/bibliothek\/geschriebenes\/leseprobe-der-tagedieb\/\" \/>\n<meta property=\"og:site_name\" content=\"La Ballade\" \/>\n<meta property=\"article:modified_time\" content=\"2025-07-07T17:49:21+00:00\" \/>\n<meta property=\"og:image\" content=\"https:\/\/laballade.de\/wordpress\/wp-content\/uploads\/2018\/10\/Phantastische-Sportler_backcover.jpg\" \/>\n\t<meta property=\"og:image:width\" content=\"238\" \/>\n\t<meta property=\"og:image:height\" content=\"350\" \/>\n\t<meta property=\"og:image:type\" content=\"image\/jpeg\" \/>\n<meta name=\"twitter:card\" content=\"summary_large_image\" \/>\n<meta name=\"twitter:label1\" content=\"Gesch\u00e4tzte Lesezeit\" \/>\n\t<meta name=\"twitter:data1\" content=\"4\u00a0Minuten\" \/>\n<script type=\"application\/ld+json\" class=\"yoast-schema-graph\">{\"@context\":\"https:\\\/\\\/schema.org\",\"@graph\":[{\"@type\":\"WebPage\",\"@id\":\"https:\\\/\\\/laballade.de\\\/wordpress\\\/bibliothek\\\/geschriebenes\\\/leseprobe-der-tagedieb\\\/\",\"url\":\"https:\\\/\\\/laballade.de\\\/wordpress\\\/bibliothek\\\/geschriebenes\\\/leseprobe-der-tagedieb\\\/\",\"name\":\"Leseprobe - Der Tagedieb - La Ballade\",\"isPartOf\":{\"@id\":\"https:\\\/\\\/laballade.de\\\/wordpress\\\/#website\"},\"primaryImageOfPage\":{\"@id\":\"https:\\\/\\\/laballade.de\\\/wordpress\\\/bibliothek\\\/geschriebenes\\\/leseprobe-der-tagedieb\\\/#primaryimage\"},\"image\":{\"@id\":\"https:\\\/\\\/laballade.de\\\/wordpress\\\/bibliothek\\\/geschriebenes\\\/leseprobe-der-tagedieb\\\/#primaryimage\"},\"thumbnailUrl\":\"https:\\\/\\\/laballade.de\\\/wordpress\\\/wp-content\\\/uploads\\\/2018\\\/10\\\/Phantastische-Sportler_backcover-204x300.jpg\",\"datePublished\":\"2021-06-19T11:46:41+00:00\",\"dateModified\":\"2025-07-07T17:49:21+00:00\",\"breadcrumb\":{\"@id\":\"https:\\\/\\\/laballade.de\\\/wordpress\\\/bibliothek\\\/geschriebenes\\\/leseprobe-der-tagedieb\\\/#breadcrumb\"},\"inLanguage\":\"de\",\"potentialAction\":[{\"@type\":\"ReadAction\",\"target\":[\"https:\\\/\\\/laballade.de\\\/wordpress\\\/bibliothek\\\/geschriebenes\\\/leseprobe-der-tagedieb\\\/\"]}]},{\"@type\":\"ImageObject\",\"inLanguage\":\"de\",\"@id\":\"https:\\\/\\\/laballade.de\\\/wordpress\\\/bibliothek\\\/geschriebenes\\\/leseprobe-der-tagedieb\\\/#primaryimage\",\"url\":\"https:\\\/\\\/laballade.de\\\/wordpress\\\/wp-content\\\/uploads\\\/2018\\\/10\\\/Phantastische-Sportler_backcover.jpg\",\"contentUrl\":\"https:\\\/\\\/laballade.de\\\/wordpress\\\/wp-content\\\/uploads\\\/2018\\\/10\\\/Phantastische-Sportler_backcover.jpg\",\"width\":238,\"height\":350,\"caption\":\"Cover Chris Schlicht\"},{\"@type\":\"BreadcrumbList\",\"@id\":\"https:\\\/\\\/laballade.de\\\/wordpress\\\/bibliothek\\\/geschriebenes\\\/leseprobe-der-tagedieb\\\/#breadcrumb\",\"itemListElement\":[{\"@type\":\"ListItem\",\"position\":1,\"name\":\"Startseite\",\"item\":\"https:\\\/\\\/laballade.de\\\/wordpress\\\/\"},{\"@type\":\"ListItem\",\"position\":2,\"name\":\"Bibliothek\",\"item\":\"https:\\\/\\\/laballade.de\\\/wordpress\\\/bibliothek\\\/\"},{\"@type\":\"ListItem\",\"position\":3,\"name\":\"Geschriebenes\",\"item\":\"https:\\\/\\\/laballade.de\\\/wordpress\\\/bibliothek\\\/geschriebenes\\\/\"},{\"@type\":\"ListItem\",\"position\":4,\"name\":\"Leseprobe &#8211; Der Tagedieb\"}]},{\"@type\":\"WebSite\",\"@id\":\"https:\\\/\\\/laballade.de\\\/wordpress\\\/#website\",\"url\":\"https:\\\/\\\/laballade.de\\\/wordpress\\\/\",\"name\":\"La Ballade\",\"description\":\"Geschichten und Musik\",\"publisher\":{\"@id\":\"https:\\\/\\\/laballade.de\\\/wordpress\\\/#\\\/schema\\\/person\\\/6fadccd64c10acbfe6c9d563789d29a1\"},\"potentialAction\":[{\"@type\":\"SearchAction\",\"target\":{\"@type\":\"EntryPoint\",\"urlTemplate\":\"https:\\\/\\\/laballade.de\\\/wordpress\\\/?s={search_term_string}\"},\"query-input\":{\"@type\":\"PropertyValueSpecification\",\"valueRequired\":true,\"valueName\":\"search_term_string\"}}],\"inLanguage\":\"de\"},{\"@type\":[\"Person\",\"Organization\"],\"@id\":\"https:\\\/\\\/laballade.de\\\/wordpress\\\/#\\\/schema\\\/person\\\/6fadccd64c10acbfe6c9d563789d29a1\",\"name\":\"Susanne\",\"logo\":{\"@id\":\"https:\\\/\\\/laballade.de\\\/wordpress\\\/#\\\/schema\\\/person\\\/image\\\/\"},\"sameAs\":[\"https:\\\/\\\/www.laballade.de\"]}]}<\/script>\n<!-- \/ Yoast SEO plugin. -->","yoast_head_json":{"title":"Leseprobe - Der Tagedieb - La Ballade","robots":{"index":"index","follow":"follow","max-snippet":"max-snippet:-1","max-image-preview":"max-image-preview:large","max-video-preview":"max-video-preview:-1"},"canonical":"https:\/\/laballade.de\/wordpress\/bibliothek\/geschriebenes\/leseprobe-der-tagedieb\/","og_locale":"de_DE","og_type":"article","og_title":"Leseprobe - Der Tagedieb - La Ballade","og_description":"Hinter den sieben Bergen lebte einst eine K\u00f6nigin, die hatte eine wundersch\u00f6ne Tochter. Diese trug zu allen Kleidern, die sie besa\u00df, ein Paar gr\u00fcne \u00c4rmel. Sie waren aus den Bl\u00e4ttern der B\u00e4ume und Str\u00e4ucher der Elfenw\u00e4lder gefertigt. Ihr Liebster hatte ihr diese geschickt und wenn der Elfenprinz an seine Geliebte dachte, dann erschien zwischen dem [&hellip;]","og_url":"https:\/\/laballade.de\/wordpress\/bibliothek\/geschriebenes\/leseprobe-der-tagedieb\/","og_site_name":"La Ballade","article_modified_time":"2025-07-07T17:49:21+00:00","og_image":[{"width":238,"height":350,"url":"https:\/\/laballade.de\/wordpress\/wp-content\/uploads\/2018\/10\/Phantastische-Sportler_backcover.jpg","type":"image\/jpeg"}],"twitter_card":"summary_large_image","twitter_misc":{"Gesch\u00e4tzte Lesezeit":"4\u00a0Minuten"},"schema":{"@context":"https:\/\/schema.org","@graph":[{"@type":"WebPage","@id":"https:\/\/laballade.de\/wordpress\/bibliothek\/geschriebenes\/leseprobe-der-tagedieb\/","url":"https:\/\/laballade.de\/wordpress\/bibliothek\/geschriebenes\/leseprobe-der-tagedieb\/","name":"Leseprobe - Der Tagedieb - La Ballade","isPartOf":{"@id":"https:\/\/laballade.de\/wordpress\/#website"},"primaryImageOfPage":{"@id":"https:\/\/laballade.de\/wordpress\/bibliothek\/geschriebenes\/leseprobe-der-tagedieb\/#primaryimage"},"image":{"@id":"https:\/\/laballade.de\/wordpress\/bibliothek\/geschriebenes\/leseprobe-der-tagedieb\/#primaryimage"},"thumbnailUrl":"https:\/\/laballade.de\/wordpress\/wp-content\/uploads\/2018\/10\/Phantastische-Sportler_backcover-204x300.jpg","datePublished":"2021-06-19T11:46:41+00:00","dateModified":"2025-07-07T17:49:21+00:00","breadcrumb":{"@id":"https:\/\/laballade.de\/wordpress\/bibliothek\/geschriebenes\/leseprobe-der-tagedieb\/#breadcrumb"},"inLanguage":"de","potentialAction":[{"@type":"ReadAction","target":["https:\/\/laballade.de\/wordpress\/bibliothek\/geschriebenes\/leseprobe-der-tagedieb\/"]}]},{"@type":"ImageObject","inLanguage":"de","@id":"https:\/\/laballade.de\/wordpress\/bibliothek\/geschriebenes\/leseprobe-der-tagedieb\/#primaryimage","url":"https:\/\/laballade.de\/wordpress\/wp-content\/uploads\/2018\/10\/Phantastische-Sportler_backcover.jpg","contentUrl":"https:\/\/laballade.de\/wordpress\/wp-content\/uploads\/2018\/10\/Phantastische-Sportler_backcover.jpg","width":238,"height":350,"caption":"Cover Chris Schlicht"},{"@type":"BreadcrumbList","@id":"https:\/\/laballade.de\/wordpress\/bibliothek\/geschriebenes\/leseprobe-der-tagedieb\/#breadcrumb","itemListElement":[{"@type":"ListItem","position":1,"name":"Startseite","item":"https:\/\/laballade.de\/wordpress\/"},{"@type":"ListItem","position":2,"name":"Bibliothek","item":"https:\/\/laballade.de\/wordpress\/bibliothek\/"},{"@type":"ListItem","position":3,"name":"Geschriebenes","item":"https:\/\/laballade.de\/wordpress\/bibliothek\/geschriebenes\/"},{"@type":"ListItem","position":4,"name":"Leseprobe &#8211; Der Tagedieb"}]},{"@type":"WebSite","@id":"https:\/\/laballade.de\/wordpress\/#website","url":"https:\/\/laballade.de\/wordpress\/","name":"La Ballade","description":"Geschichten und Musik","publisher":{"@id":"https:\/\/laballade.de\/wordpress\/#\/schema\/person\/6fadccd64c10acbfe6c9d563789d29a1"},"potentialAction":[{"@type":"SearchAction","target":{"@type":"EntryPoint","urlTemplate":"https:\/\/laballade.de\/wordpress\/?s={search_term_string}"},"query-input":{"@type":"PropertyValueSpecification","valueRequired":true,"valueName":"search_term_string"}}],"inLanguage":"de"},{"@type":["Person","Organization"],"@id":"https:\/\/laballade.de\/wordpress\/#\/schema\/person\/6fadccd64c10acbfe6c9d563789d29a1","name":"Susanne","logo":{"@id":"https:\/\/laballade.de\/wordpress\/#\/schema\/person\/image\/"},"sameAs":["https:\/\/www.laballade.de"]}]}},"_links":{"self":[{"href":"https:\/\/laballade.de\/wordpress\/wp-json\/wp\/v2\/pages\/4436","targetHints":{"allow":["GET"]}}],"collection":[{"href":"https:\/\/laballade.de\/wordpress\/wp-json\/wp\/v2\/pages"}],"about":[{"href":"https:\/\/laballade.de\/wordpress\/wp-json\/wp\/v2\/types\/page"}],"author":[{"embeddable":true,"href":"https:\/\/laballade.de\/wordpress\/wp-json\/wp\/v2\/users\/1"}],"replies":[{"embeddable":true,"href":"https:\/\/laballade.de\/wordpress\/wp-json\/wp\/v2\/comments?post=4436"}],"version-history":[{"count":4,"href":"https:\/\/laballade.de\/wordpress\/wp-json\/wp\/v2\/pages\/4436\/revisions"}],"predecessor-version":[{"id":6299,"href":"https:\/\/laballade.de\/wordpress\/wp-json\/wp\/v2\/pages\/4436\/revisions\/6299"}],"up":[{"embeddable":true,"href":"https:\/\/laballade.de\/wordpress\/wp-json\/wp\/v2\/pages\/173"}],"wp:attachment":[{"href":"https:\/\/laballade.de\/wordpress\/wp-json\/wp\/v2\/media?parent=4436"}],"curies":[{"name":"wp","href":"https:\/\/api.w.org\/{rel}","templated":true}]}}