{"id":4413,"date":"2021-06-18T16:33:09","date_gmt":"2021-06-18T14:33:09","guid":{"rendered":"https:\/\/laballade.de\/wordpress\/?page_id=4413"},"modified":"2026-01-17T18:35:42","modified_gmt":"2026-01-17T17:35:42","slug":"leseprobe-liriel-die-weisse","status":"publish","type":"page","link":"https:\/\/laballade.de\/wordpress\/bibliothek\/geschriebenes\/leseprobe-liriel-die-weisse\/","title":{"rendered":"Leseprobe &#8211; Liriel die Wei\u00dfe"},"content":{"rendered":"<h4 align=\"justify\"><span style=\"font-family: Garamond, serif;\"><span style=\"font-size: medium;\"><img loading=\"lazy\" decoding=\"async\" class=\"alignleft size-medium wp-image-4414\" src=\"https:\/\/laballade.de\/wordpress\/wp-content\/uploads\/2021\/06\/Liriel-die-Weisse-224x300.jpg\" alt=\"\" width=\"224\" height=\"300\" srcset=\"https:\/\/laballade.de\/wordpress\/wp-content\/uploads\/2021\/06\/Liriel-die-Weisse-224x300.jpg 224w, https:\/\/laballade.de\/wordpress\/wp-content\/uploads\/2021\/06\/Liriel-die-Weisse-766x1024.jpg 766w, https:\/\/laballade.de\/wordpress\/wp-content\/uploads\/2021\/06\/Liriel-die-Weisse-768x1027.jpg 768w, https:\/\/laballade.de\/wordpress\/wp-content\/uploads\/2021\/06\/Liriel-die-Weisse-1149x1536.jpg 1149w, https:\/\/laballade.de\/wordpress\/wp-content\/uploads\/2021\/06\/Liriel-die-Weisse-900x1203.jpg 900w, https:\/\/laballade.de\/wordpress\/wp-content\/uploads\/2021\/06\/Liriel-die-Weisse-1280x1711.jpg 1280w, https:\/\/laballade.de\/wordpress\/wp-content\/uploads\/2021\/06\/Liriel-die-Weisse.jpg 1532w\" sizes=\"auto, (max-width: 224px) 100vw, 224px\" \/>Liriel die Wei\u00dfe<\/span><\/span><\/h4>\n<p align=\"justify\"><span style=\"font-family: Garamond, serif;\"><span style=\"font-size: medium;\">Lilli rutschte in ihrem Schlafsessel hin und her. Die Dinger waren einfach unbequem, viel zu eng. Im Liegewagen h\u00e4tte die Fahrt nicht so viel mehr gekostet, aber die ganze Klasse hatte sie niedergebr\u00fcllt, als sie den Vorschlag machte. Anscheinend hatten die anderen gar nicht vor zu schlafen. Sie waren alle mit essen, Karten spielen, daddeln, sich quer \u00fcber drei Sitzreihen unterhalten oder gemeinsam Musik h\u00f6ren besch\u00e4ftigt. Lilli schlug ihr Buch wieder auf und versuchte wenigstens zu lesen.<\/span><\/span><\/p>\n<p align=\"justify\">\u201e<span style=\"font-size: medium;\"><span style=\"font-family: Garamond, serif;\"><i>Kala\u00ef flog auf dem R\u00fccken ihres Drachen dahin wie der Wind. Der lange Weg von Barekh zur Drachenzinne schrumpfte auf drei kurze Tagesreisen zusammen. Drei Tage, in denen weder Br\u00fcckenw\u00e4chter noch unwegsames Gel\u00e4nde sie aufhalten konnten. Ihre Verfolger hatte sie weit hinter sich gelassen.<\/i><\/span><\/span><\/p>\n<p align=\"justify\"><span style=\"font-family: Garamond, serif;\"><span style=\"font-size: medium;\"><i>Die Sonne n\u00e4herte sich dem Horizont. Kala\u00ef musste an ein Nachtlager denken. Urspr\u00fcnglich wollte sie diese Nacht in Sulihah verbringen und dabei gleich der Mondaresse ihre Botschaft ausrichten. Aber Sulihah hatte sie schon am Mittag passiert. Vor ihr lag Torglindis. Dort konnte sie dem Gaedir mitteilen, was sich im S\u00fcden zusammenbraute. Wenn sie daf\u00fcr die letzten paar Stunden Flugzeit opferte, die ihr noch blieben.<\/i><\/span><\/span><\/p>\n<p align=\"justify\"><span style=\"font-family: Garamond, serif;\"><span style=\"font-size: medium;\"><i>Kala\u00ef steuerte den Shrewenwald im Westen der Stadt an und dr\u00e4ngte ihren Drachen zum Landen. W\u00e4hrend er langsam auf eine Lichtung niederging, zog sie den Metschlauch aus ihrem Rucksack. Der Drache setzte auf. Schnell den Met auf seinen Hals gie\u00dfen \u2013 der Sturz \u2013 abrollen.<\/i><\/span><\/span><\/p>\n<p align=\"justify\"><span style=\"font-family: Garamond, serif;\"><span style=\"font-size: medium;\"><i>Kala\u00ef beklopfte ihre Glieder und stellte fest, dass sie nichts gebrochen hatte. Dann suchte sie den Metschlauch und vor allem die Kristallfigur, die ihr Drache war. Sie verwahrte die Figur in der G\u00fcrteltasche.\u201c<\/i><\/span><\/span><\/p>\n<p align=\"justify\"><span style=\"font-family: Garamond, serif;\"><span style=\"font-size: medium;\">Lilli hatte still zwischen den B\u00e4umen gestanden und Kala\u00ef beobachtet. Jetzt trat sie hervor \u2013 eine hochgewachsene, schlanke Frau im wei\u00dfen Gewand. Blonde Locken fielen ihr bis auf den R\u00fccken. In der Hand hielt sie einen Stab mit einem wei\u00dfen Stein am Ende.<\/span><\/span><\/p>\n<p align=\"justify\">\u201e<span style=\"font-family: Garamond, serif;\"><span style=\"font-size: medium;\">Liriel die Wei\u00dfe!\u201c, rief Kala\u00ef erstaunt.<\/span><\/span><\/p>\n<p align=\"justify\"><span style=\"font-family: Garamond, serif;\"><span style=\"font-size: medium;\">Lilli verneigte sich. \u201eUnd Ihr seid die fliegende Botin Kala\u00ef, nehme ich an.\u201c<\/span><\/span><\/p>\n<p align=\"justify\">\u201e<span style=\"font-family: Garamond, serif;\"><span style=\"font-size: medium;\">Welch ein Zusammentreffen! Es ist gut, dass Ihr kommt. In Barekh droht Unheil. Ich bringe die Botschaft zur Drachenzinne. Aber heute will ich mein Nachtlager in Torglindis aufschlagen und dem Gaedir die Nachricht bringen. Ich nehme an, Ihr kennt ihn?\u201c<\/span><\/span><\/p>\n<p style=\"text-align: center;\" align=\"justify\"><span style=\"font-family: Garamond, serif;\"><span style=\"font-size: medium;\">* * *<\/span><\/span><\/p>\n<p align=\"justify\">E-Book bei <a href=\"https:\/\/www.bod.de\/buchshop\/liriel-die-weisse-susanne-bonn-9783750487741\">BOD\u00a0<\/a>* <a href=\"https:\/\/www.buch7.de\/produkt\/liriel-die-weisse-susanne-bonn\/1039402023?ean=9783750487741\">Buch7<\/a> * <a href=\"https:\/\/www.fairbuch.de\/shop\/article\/42630449\/susanne_bonn_liriel_die_weisse.html\">Fairbuch<\/a> * <a href=\"https:\/\/www.hugendubel.de\/de\/ebook_epub\/susanne_bonn-liriel_die_weisse-38735120-produkt-details.html\">Hugendubel<\/a> * <a href=\"https:\/\/www.orellfuessli.ch\/shop\/home\/artikeldetails\/A1057727988\">Orell F\u00fcssli<\/a> * <a href=\"https:\/\/www.osiander.de\/shop\/home\/artikeldetails\/A1057727988\">Osiander<\/a> * <a href=\"https:\/\/www.skoobe.de\/books\/susanne-bonn\/liriel-die-weisse\">Skoobe<\/a> * <a href=\"https:\/\/www.thalia.de\/shop\/home\/artikeldetails\/A1057727988\">Thalia<\/a><\/p>\n<p align=\"justify\">\n","protected":false},"excerpt":{"rendered":"<p>Liriel die Wei\u00dfe Lilli rutschte in ihrem Schlafsessel hin und her. Die Dinger waren einfach unbequem, viel zu eng. Im Liegewagen h\u00e4tte die Fahrt nicht so viel mehr gekostet, aber die ganze Klasse hatte sie niedergebr\u00fcllt, als sie den Vorschlag machte. Anscheinend hatten die anderen gar nicht vor zu schlafen. Sie waren alle mit essen, [&hellip;]<\/p>\n","protected":false},"author":1,"featured_media":0,"parent":173,"menu_order":0,"comment_status":"closed","ping_status":"closed","template":"","meta":{"footnotes":""},"class_list":["post-4413","page","type-page","status-publish","hentry"],"yoast_head":"<!-- This site is optimized with the Yoast SEO plugin v27.4 - https:\/\/yoast.com\/product\/yoast-seo-wordpress\/ -->\n<title>Leseprobe - Liriel die Wei\u00dfe - La Ballade<\/title>\n<meta name=\"robots\" content=\"index, follow, max-snippet:-1, max-image-preview:large, max-video-preview:-1\" \/>\n<link rel=\"canonical\" href=\"https:\/\/laballade.de\/wordpress\/bibliothek\/geschriebenes\/leseprobe-liriel-die-weisse\/\" \/>\n<meta property=\"og:locale\" content=\"de_DE\" \/>\n<meta property=\"og:type\" content=\"article\" \/>\n<meta property=\"og:title\" content=\"Leseprobe - Liriel die Wei\u00dfe - La Ballade\" \/>\n<meta property=\"og:description\" content=\"Liriel die Wei\u00dfe Lilli rutschte in ihrem Schlafsessel hin und her. Die Dinger waren einfach unbequem, viel zu eng. Im Liegewagen h\u00e4tte die Fahrt nicht so viel mehr gekostet, aber die ganze Klasse hatte sie niedergebr\u00fcllt, als sie den Vorschlag machte. Anscheinend hatten die anderen gar nicht vor zu schlafen. Sie waren alle mit essen, [&hellip;]\" \/>\n<meta property=\"og:url\" content=\"https:\/\/laballade.de\/wordpress\/bibliothek\/geschriebenes\/leseprobe-liriel-die-weisse\/\" \/>\n<meta property=\"og:site_name\" content=\"La Ballade\" \/>\n<meta property=\"article:modified_time\" content=\"2026-01-17T17:35:42+00:00\" \/>\n<meta property=\"og:image\" content=\"https:\/\/laballade.de\/wordpress\/wp-content\/uploads\/2021\/06\/Liriel-die-Weisse-766x1024.jpg\" \/>\n\t<meta property=\"og:image:width\" content=\"766\" \/>\n\t<meta property=\"og:image:height\" content=\"1024\" \/>\n\t<meta property=\"og:image:type\" content=\"image\/jpeg\" \/>\n<meta name=\"twitter:card\" content=\"summary_large_image\" \/>\n<meta name=\"twitter:label1\" content=\"Gesch\u00e4tzte Lesezeit\" \/>\n\t<meta name=\"twitter:data1\" content=\"3\u00a0Minuten\" \/>\n<script type=\"application\/ld+json\" class=\"yoast-schema-graph\">{\"@context\":\"https:\\\/\\\/schema.org\",\"@graph\":[{\"@type\":\"WebPage\",\"@id\":\"https:\\\/\\\/laballade.de\\\/wordpress\\\/bibliothek\\\/geschriebenes\\\/leseprobe-liriel-die-weisse\\\/\",\"url\":\"https:\\\/\\\/laballade.de\\\/wordpress\\\/bibliothek\\\/geschriebenes\\\/leseprobe-liriel-die-weisse\\\/\",\"name\":\"Leseprobe - Liriel die Wei\u00dfe - La Ballade\",\"isPartOf\":{\"@id\":\"https:\\\/\\\/laballade.de\\\/wordpress\\\/#website\"},\"primaryImageOfPage\":{\"@id\":\"https:\\\/\\\/laballade.de\\\/wordpress\\\/bibliothek\\\/geschriebenes\\\/leseprobe-liriel-die-weisse\\\/#primaryimage\"},\"image\":{\"@id\":\"https:\\\/\\\/laballade.de\\\/wordpress\\\/bibliothek\\\/geschriebenes\\\/leseprobe-liriel-die-weisse\\\/#primaryimage\"},\"thumbnailUrl\":\"https:\\\/\\\/laballade.de\\\/wordpress\\\/wp-content\\\/uploads\\\/2021\\\/06\\\/Liriel-die-Weisse-224x300.jpg\",\"datePublished\":\"2021-06-18T14:33:09+00:00\",\"dateModified\":\"2026-01-17T17:35:42+00:00\",\"breadcrumb\":{\"@id\":\"https:\\\/\\\/laballade.de\\\/wordpress\\\/bibliothek\\\/geschriebenes\\\/leseprobe-liriel-die-weisse\\\/#breadcrumb\"},\"inLanguage\":\"de\",\"potentialAction\":[{\"@type\":\"ReadAction\",\"target\":[\"https:\\\/\\\/laballade.de\\\/wordpress\\\/bibliothek\\\/geschriebenes\\\/leseprobe-liriel-die-weisse\\\/\"]}]},{\"@type\":\"ImageObject\",\"inLanguage\":\"de\",\"@id\":\"https:\\\/\\\/laballade.de\\\/wordpress\\\/bibliothek\\\/geschriebenes\\\/leseprobe-liriel-die-weisse\\\/#primaryimage\",\"url\":\"https:\\\/\\\/laballade.de\\\/wordpress\\\/wp-content\\\/uploads\\\/2021\\\/06\\\/Liriel-die-Weisse.jpg\",\"contentUrl\":\"https:\\\/\\\/laballade.de\\\/wordpress\\\/wp-content\\\/uploads\\\/2021\\\/06\\\/Liriel-die-Weisse.jpg\",\"width\":1532,\"height\":2048},{\"@type\":\"BreadcrumbList\",\"@id\":\"https:\\\/\\\/laballade.de\\\/wordpress\\\/bibliothek\\\/geschriebenes\\\/leseprobe-liriel-die-weisse\\\/#breadcrumb\",\"itemListElement\":[{\"@type\":\"ListItem\",\"position\":1,\"name\":\"Startseite\",\"item\":\"https:\\\/\\\/laballade.de\\\/wordpress\\\/\"},{\"@type\":\"ListItem\",\"position\":2,\"name\":\"Bibliothek\",\"item\":\"https:\\\/\\\/laballade.de\\\/wordpress\\\/bibliothek\\\/\"},{\"@type\":\"ListItem\",\"position\":3,\"name\":\"Geschriebenes\",\"item\":\"https:\\\/\\\/laballade.de\\\/wordpress\\\/bibliothek\\\/geschriebenes\\\/\"},{\"@type\":\"ListItem\",\"position\":4,\"name\":\"Leseprobe &#8211; Liriel die Wei\u00dfe\"}]},{\"@type\":\"WebSite\",\"@id\":\"https:\\\/\\\/laballade.de\\\/wordpress\\\/#website\",\"url\":\"https:\\\/\\\/laballade.de\\\/wordpress\\\/\",\"name\":\"La Ballade\",\"description\":\"Geschichten und Musik\",\"publisher\":{\"@id\":\"https:\\\/\\\/laballade.de\\\/wordpress\\\/#\\\/schema\\\/person\\\/6fadccd64c10acbfe6c9d563789d29a1\"},\"potentialAction\":[{\"@type\":\"SearchAction\",\"target\":{\"@type\":\"EntryPoint\",\"urlTemplate\":\"https:\\\/\\\/laballade.de\\\/wordpress\\\/?s={search_term_string}\"},\"query-input\":{\"@type\":\"PropertyValueSpecification\",\"valueRequired\":true,\"valueName\":\"search_term_string\"}}],\"inLanguage\":\"de\"},{\"@type\":[\"Person\",\"Organization\"],\"@id\":\"https:\\\/\\\/laballade.de\\\/wordpress\\\/#\\\/schema\\\/person\\\/6fadccd64c10acbfe6c9d563789d29a1\",\"name\":\"Susanne\",\"logo\":{\"@id\":\"https:\\\/\\\/laballade.de\\\/wordpress\\\/#\\\/schema\\\/person\\\/image\\\/\"},\"sameAs\":[\"https:\\\/\\\/www.laballade.de\"]}]}<\/script>\n<!-- \/ Yoast SEO plugin. -->","yoast_head_json":{"title":"Leseprobe - Liriel die Wei\u00dfe - La Ballade","robots":{"index":"index","follow":"follow","max-snippet":"max-snippet:-1","max-image-preview":"max-image-preview:large","max-video-preview":"max-video-preview:-1"},"canonical":"https:\/\/laballade.de\/wordpress\/bibliothek\/geschriebenes\/leseprobe-liriel-die-weisse\/","og_locale":"de_DE","og_type":"article","og_title":"Leseprobe - Liriel die Wei\u00dfe - La Ballade","og_description":"Liriel die Wei\u00dfe Lilli rutschte in ihrem Schlafsessel hin und her. Die Dinger waren einfach unbequem, viel zu eng. Im Liegewagen h\u00e4tte die Fahrt nicht so viel mehr gekostet, aber die ganze Klasse hatte sie niedergebr\u00fcllt, als sie den Vorschlag machte. Anscheinend hatten die anderen gar nicht vor zu schlafen. Sie waren alle mit essen, [&hellip;]","og_url":"https:\/\/laballade.de\/wordpress\/bibliothek\/geschriebenes\/leseprobe-liriel-die-weisse\/","og_site_name":"La Ballade","article_modified_time":"2026-01-17T17:35:42+00:00","og_image":[{"width":766,"height":1024,"url":"https:\/\/laballade.de\/wordpress\/wp-content\/uploads\/2021\/06\/Liriel-die-Weisse-766x1024.jpg","type":"image\/jpeg"}],"twitter_card":"summary_large_image","twitter_misc":{"Gesch\u00e4tzte Lesezeit":"3\u00a0Minuten"},"schema":{"@context":"https:\/\/schema.org","@graph":[{"@type":"WebPage","@id":"https:\/\/laballade.de\/wordpress\/bibliothek\/geschriebenes\/leseprobe-liriel-die-weisse\/","url":"https:\/\/laballade.de\/wordpress\/bibliothek\/geschriebenes\/leseprobe-liriel-die-weisse\/","name":"Leseprobe - Liriel die Wei\u00dfe - La Ballade","isPartOf":{"@id":"https:\/\/laballade.de\/wordpress\/#website"},"primaryImageOfPage":{"@id":"https:\/\/laballade.de\/wordpress\/bibliothek\/geschriebenes\/leseprobe-liriel-die-weisse\/#primaryimage"},"image":{"@id":"https:\/\/laballade.de\/wordpress\/bibliothek\/geschriebenes\/leseprobe-liriel-die-weisse\/#primaryimage"},"thumbnailUrl":"https:\/\/laballade.de\/wordpress\/wp-content\/uploads\/2021\/06\/Liriel-die-Weisse-224x300.jpg","datePublished":"2021-06-18T14:33:09+00:00","dateModified":"2026-01-17T17:35:42+00:00","breadcrumb":{"@id":"https:\/\/laballade.de\/wordpress\/bibliothek\/geschriebenes\/leseprobe-liriel-die-weisse\/#breadcrumb"},"inLanguage":"de","potentialAction":[{"@type":"ReadAction","target":["https:\/\/laballade.de\/wordpress\/bibliothek\/geschriebenes\/leseprobe-liriel-die-weisse\/"]}]},{"@type":"ImageObject","inLanguage":"de","@id":"https:\/\/laballade.de\/wordpress\/bibliothek\/geschriebenes\/leseprobe-liriel-die-weisse\/#primaryimage","url":"https:\/\/laballade.de\/wordpress\/wp-content\/uploads\/2021\/06\/Liriel-die-Weisse.jpg","contentUrl":"https:\/\/laballade.de\/wordpress\/wp-content\/uploads\/2021\/06\/Liriel-die-Weisse.jpg","width":1532,"height":2048},{"@type":"BreadcrumbList","@id":"https:\/\/laballade.de\/wordpress\/bibliothek\/geschriebenes\/leseprobe-liriel-die-weisse\/#breadcrumb","itemListElement":[{"@type":"ListItem","position":1,"name":"Startseite","item":"https:\/\/laballade.de\/wordpress\/"},{"@type":"ListItem","position":2,"name":"Bibliothek","item":"https:\/\/laballade.de\/wordpress\/bibliothek\/"},{"@type":"ListItem","position":3,"name":"Geschriebenes","item":"https:\/\/laballade.de\/wordpress\/bibliothek\/geschriebenes\/"},{"@type":"ListItem","position":4,"name":"Leseprobe &#8211; Liriel die Wei\u00dfe"}]},{"@type":"WebSite","@id":"https:\/\/laballade.de\/wordpress\/#website","url":"https:\/\/laballade.de\/wordpress\/","name":"La Ballade","description":"Geschichten und Musik","publisher":{"@id":"https:\/\/laballade.de\/wordpress\/#\/schema\/person\/6fadccd64c10acbfe6c9d563789d29a1"},"potentialAction":[{"@type":"SearchAction","target":{"@type":"EntryPoint","urlTemplate":"https:\/\/laballade.de\/wordpress\/?s={search_term_string}"},"query-input":{"@type":"PropertyValueSpecification","valueRequired":true,"valueName":"search_term_string"}}],"inLanguage":"de"},{"@type":["Person","Organization"],"@id":"https:\/\/laballade.de\/wordpress\/#\/schema\/person\/6fadccd64c10acbfe6c9d563789d29a1","name":"Susanne","logo":{"@id":"https:\/\/laballade.de\/wordpress\/#\/schema\/person\/image\/"},"sameAs":["https:\/\/www.laballade.de"]}]}},"_links":{"self":[{"href":"https:\/\/laballade.de\/wordpress\/wp-json\/wp\/v2\/pages\/4413","targetHints":{"allow":["GET"]}}],"collection":[{"href":"https:\/\/laballade.de\/wordpress\/wp-json\/wp\/v2\/pages"}],"about":[{"href":"https:\/\/laballade.de\/wordpress\/wp-json\/wp\/v2\/types\/page"}],"author":[{"embeddable":true,"href":"https:\/\/laballade.de\/wordpress\/wp-json\/wp\/v2\/users\/1"}],"replies":[{"embeddable":true,"href":"https:\/\/laballade.de\/wordpress\/wp-json\/wp\/v2\/comments?post=4413"}],"version-history":[{"count":5,"href":"https:\/\/laballade.de\/wordpress\/wp-json\/wp\/v2\/pages\/4413\/revisions"}],"predecessor-version":[{"id":6437,"href":"https:\/\/laballade.de\/wordpress\/wp-json\/wp\/v2\/pages\/4413\/revisions\/6437"}],"up":[{"embeddable":true,"href":"https:\/\/laballade.de\/wordpress\/wp-json\/wp\/v2\/pages\/173"}],"wp:attachment":[{"href":"https:\/\/laballade.de\/wordpress\/wp-json\/wp\/v2\/media?parent=4413"}],"curies":[{"name":"wp","href":"https:\/\/api.w.org\/{rel}","templated":true}]}}